{"id":1464,"date":"2022-12-06T12:19:58","date_gmt":"2022-12-06T11:19:58","guid":{"rendered":"https:\/\/zaragoza.wordcamp.org\/2023\/?page_id=1464"},"modified":"2023-11-13T02:33:30","modified_gmt":"2023-11-13T01:33:30","slug":"como-llegar","status":"publish","type":"page","link":"https:\/\/zaragoza.wordcamp.org\/2023\/como-llegar\/","title":{"rendered":"\u00bfC\u00f3mo llegar?"},"content":{"rendered":"\n<div class=\"wp-block-group alignfull has-diagonal-primary-to-foreground-gradient-background has-background is-layout-constrained wp-container-core-group-is-layout-0277f0d7 wp-block-group-is-layout-constrained\" style=\"margin-top:0;margin-bottom:0\">\n<div class=\"wp-block-group is-layout-constrained wp-container-core-group-is-layout-f2fb7395 wp-block-group-is-layout-constrained\">\n<div class=\"wp-block-columns is-not-stacked-on-mobile is-layout-flex wp-container-core-columns-is-layout-2842b8fd wp-block-columns-is-layout-flex\" style=\"padding-top:0;padding-right:0;padding-bottom:0;padding-left:0\">\n<div class=\"wp-block-column is-layout-flow wp-block-column-is-layout-flow\" style=\"flex-basis:15%\"><div class=\"wp-block-site-logo\"><a href=\"https:\/\/zaragoza.wordcamp.org\/2023\/\" class=\"custom-logo-link\" rel=\"home\"><img loading=\"lazy\" decoding=\"async\" width=\"150\" height=\"65\" src=\"https:\/\/zaragoza.wordcamp.org\/2023\/files\/2022\/11\/Logo-WCZaragoza-2023.png\" class=\"custom-logo\" alt=\"WordCamp Zaragoza 2023\" srcset=\"https:\/\/zaragoza.wordcamp.org\/2023\/files\/2022\/11\/Logo-WCZaragoza-2023.png 415w, https:\/\/zaragoza.wordcamp.org\/2023\/files\/2022\/11\/Logo-WCZaragoza-2023-300x132.png 300w\" sizes=\"auto, (max-width: 150px) 100vw, 150px\" \/><\/a><\/div><\/div>\n\n\n\n<div class=\"wp-block-column is-layout-flow wp-block-column-is-layout-flow\" style=\"padding-top:var(--wp--preset--spacing--40);flex-basis:85%\"><nav class=\"has-text-color has-background-color has-small-font-size is-responsive items-justified-right wp-block-navigation is-content-justification-right is-layout-flex wp-container-core-navigation-is-layout-de66bf79 wp-block-navigation-is-layout-flex\" aria-label=\"Navigation\" \n\t\t data-wp-interactive=\"core\/navigation\" data-wp-context='{\"overlayOpenedBy\":{\"click\":false,\"hover\":false,\"focus\":false},\"type\":\"overlay\",\"roleAttribute\":\"\",\"ariaLabel\":\"Men\\u00fa\"}'><button aria-haspopup=\"dialog\" aria-label=\"Abrir el men\u00fa\" class=\"wp-block-navigation__responsive-container-open\" \n\t\t\t\tdata-wp-on--click=\"actions.openMenuOnClick\"\n\t\t\t\tdata-wp-on--keydown=\"actions.handleMenuKeydown\"\n\t\t\t><svg width=\"24\" height=\"24\" xmlns=\"http:\/\/www.w3.org\/2000\/svg\" viewBox=\"0 0 24 24\" aria-hidden=\"true\" focusable=\"false\"><path d=\"M4 7.5h16v1.5H4z\"><\/path><path d=\"M4 15h16v1.5H4z\"><\/path><\/svg><\/button>\n\t\t\t\t<div class=\"wp-block-navigation__responsive-container has-text-color has-foreground-color\"  id=\"modal-1\" \n\t\t\t\tdata-wp-class--has-modal-open=\"state.isMenuOpen\"\n\t\t\t\tdata-wp-class--is-menu-open=\"state.isMenuOpen\"\n\t\t\t\tdata-wp-watch=\"callbacks.initMenu\"\n\t\t\t\tdata-wp-on--keydown=\"actions.handleMenuKeydown\"\n\t\t\t\tdata-wp-on--focusout=\"actions.handleMenuFocusout\"\n\t\t\t\ttabindex=\"-1\"\n\t\t\t>\n\t\t\t\t\t<div class=\"wp-block-navigation__responsive-close\" tabindex=\"-1\">\n\t\t\t\t\t\t<div class=\"wp-block-navigation__responsive-dialog\" \n\t\t\t\tdata-wp-bind--aria-modal=\"state.ariaModal\"\n\t\t\t\tdata-wp-bind--aria-label=\"state.ariaLabel\"\n\t\t\t\tdata-wp-bind--role=\"state.roleAttribute\"\n\t\t\t>\n\t\t\t\t\t\t\t<button aria-label=\"Cerrar el men\u00fa\" class=\"wp-block-navigation__responsive-container-close\" \n\t\t\t\tdata-wp-on--click=\"actions.closeMenuOnClick\"\n\t\t\t><svg xmlns=\"http:\/\/www.w3.org\/2000\/svg\" viewBox=\"0 0 24 24\" width=\"24\" height=\"24\" aria-hidden=\"true\" focusable=\"false\"><path d=\"m13.06 12 6.47-6.47-1.06-1.06L12 10.94 5.53 4.47 4.47 5.53 10.94 12l-6.47 6.47 1.06 1.06L12 13.06l6.47 6.47 1.06-1.06L13.06 12Z\"><\/path><\/svg><\/button>\n\t\t\t\t\t\t\t<div class=\"wp-block-navigation__responsive-container-content\" \n\t\t\t\tdata-wp-watch=\"callbacks.focusFirstElement\"\n\t\t\t id=\"modal-1-content\">\n\t\t\t\t\t\t\t\t<ul class=\"wp-block-navigation__container has-text-color has-background-color has-small-font-size is-responsive items-justified-right wp-block-navigation has-small-font-size\"><li class=\"has-small-font-size wp-block-navigation-item wp-block-navigation-link\"><a class=\"wp-block-navigation-item__content\"  href=\"https:\/\/zaragoza.wordcamp.org\/2023\/\"><span class=\"wp-block-navigation-item__label\">#WCZGZ23<\/span><\/a><\/li><li data-wp-context=\"{ &quot;submenuOpenedBy&quot;: { &quot;click&quot;: false, &quot;hover&quot;: false, &quot;focus&quot;: false }, &quot;type&quot;: &quot;submenu&quot;, &quot;modal&quot;: null, &quot;previousFocus&quot;: null }\" data-wp-interactive=\"core\/navigation\" data-wp-on--focusout=\"actions.handleMenuFocusout\" data-wp-on--keydown=\"actions.handleMenuKeydown\" data-wp-on--pointerenter=\"actions.openMenuOnHover\" data-wp-on--pointerleave=\"actions.closeMenuOnHover\" data-wp-watch=\"callbacks.initMenu\" tabindex=\"-1\" class=\"wp-block-navigation-item has-small-font-size has-child open-on-hover-click wp-block-navigation-submenu\"><a class=\"wp-block-navigation-item__content\" href=\"https:\/\/zaragoza.wordcamp.org\/2023\/quienes-somos\/\"><span class=\"wp-block-navigation-item__label\">\u00bfQui\u00e9nes somos?<\/span><\/a><button data-wp-bind--aria-expanded=\"state.isMenuOpen\" data-wp-on--click=\"actions.toggleMenuOnClick\" aria-label=\"Submen\u00fa de \u00bfQui\u00e9nes somos?\" class=\"wp-block-navigation__submenu-icon wp-block-navigation-submenu__toggle\" ><svg xmlns=\"http:\/\/www.w3.org\/2000\/svg\" width=\"12\" height=\"12\" viewBox=\"0 0 12 12\" fill=\"none\" aria-hidden=\"true\" focusable=\"false\"><path d=\"M1.50002 4L6.00002 8L10.5 4\" stroke-width=\"1.5\"><\/path><\/svg><\/button><ul data-wp-on--focus=\"actions.openMenuOnFocus\" class=\"wp-block-navigation__submenu-container has-text-color has-foreground-color wp-block-navigation-submenu\"><li class=\"has-small-font-size wp-block-navigation-item wp-block-navigation-link\"><a class=\"wp-block-navigation-item__content\"  href=\"https:\/\/zaragoza.wordcamp.org\/2023\/comunidad\/asistentes\/\"><span class=\"wp-block-navigation-item__label\">Asistentes<\/span><\/a><\/li><li class=\"has-small-font-size wp-block-navigation-item wp-block-navigation-link\"><a class=\"wp-block-navigation-item__content\"  href=\"https:\/\/zaragoza.wordcamp.org\/2023\/comunidad\/ponentes\/\"><span class=\"wp-block-navigation-item__label\">Ponentes<\/span><\/a><\/li><li class=\"has-small-font-size wp-block-navigation-item wp-block-navigation-link\"><a class=\"wp-block-navigation-item__content\"  href=\"https:\/\/zaragoza.wordcamp.org\/2023\/comunidad\/patrocinadores\/\"><span class=\"wp-block-navigation-item__label\">Patrocinadores<\/span><\/a><\/li><li class=\"has-small-font-size wp-block-navigation-item wp-block-navigation-link\"><a class=\"wp-block-navigation-item__content\"  href=\"https:\/\/zaragoza.wordcamp.org\/2023\/comunidad\/organizadores\/\"><span class=\"wp-block-navigation-item__label\">Organizadores<\/span><\/a><\/li><li class=\"has-small-font-size wp-block-navigation-item wp-block-navigation-link\"><a class=\"wp-block-navigation-item__content\"  href=\"https:\/\/zaragoza.wordcamp.org\/2023\/comunidad\/voluntarios\/\"><span class=\"wp-block-navigation-item__label\">Voluntarios<\/span><\/a><\/li><\/ul><\/li><li data-wp-context=\"{ &quot;submenuOpenedBy&quot;: { &quot;click&quot;: false, &quot;hover&quot;: false, &quot;focus&quot;: false }, &quot;type&quot;: &quot;submenu&quot;, &quot;modal&quot;: null, &quot;previousFocus&quot;: null }\" data-wp-interactive=\"core\/navigation\" data-wp-on--focusout=\"actions.handleMenuFocusout\" data-wp-on--keydown=\"actions.handleMenuKeydown\" data-wp-on--pointerenter=\"actions.openMenuOnHover\" data-wp-on--pointerleave=\"actions.closeMenuOnHover\" data-wp-watch=\"callbacks.initMenu\" tabindex=\"-1\" class=\"wp-block-navigation-item has-small-font-size has-child open-on-hover-click wp-block-navigation-submenu\"><a class=\"wp-block-navigation-item__content\" href=\"https:\/\/zaragoza.wordcamp.org\/2023\/evento\/\"><span class=\"wp-block-navigation-item__label\">Evento<\/span><\/a><button data-wp-bind--aria-expanded=\"state.isMenuOpen\" data-wp-on--click=\"actions.toggleMenuOnClick\" aria-label=\"Submen\u00fa de Evento\" class=\"wp-block-navigation__submenu-icon wp-block-navigation-submenu__toggle\" ><svg xmlns=\"http:\/\/www.w3.org\/2000\/svg\" width=\"12\" height=\"12\" viewBox=\"0 0 12 12\" fill=\"none\" aria-hidden=\"true\" focusable=\"false\"><path d=\"M1.50002 4L6.00002 8L10.5 4\" stroke-width=\"1.5\"><\/path><\/svg><\/button><ul data-wp-on--focus=\"actions.openMenuOnFocus\" class=\"wp-block-navigation__submenu-container has-text-color has-foreground-color wp-block-navigation-submenu\"><li class=\"has-small-font-size wp-block-navigation-item wp-block-navigation-link\"><a class=\"wp-block-navigation-item__content\"  href=\"https:\/\/zaragoza.wordcamp.org\/2023\/evento\/programa\/\"><span class=\"wp-block-navigation-item__label\">Programa<\/span><\/a><\/li><li class=\"has-small-font-size wp-block-navigation-item wp-block-navigation-link\"><a class=\"wp-block-navigation-item__content\"  href=\"https:\/\/zaragoza.wordcamp.org\/2023\/evento\/contributor-day\/\"><span class=\"wp-block-navigation-item__label\">Contributor day<\/span><\/a><\/li><li class=\"has-small-font-size wp-block-navigation-item wp-block-navigation-link\"><a class=\"wp-block-navigation-item__content\"  href=\"https:\/\/zaragoza.wordcamp.org\/2023\/evento\/tour\/\"><span class=\"wp-block-navigation-item__label\">Tour Ma\u00f1o<\/span><\/a><\/li><li class=\"has-small-font-size wp-block-navigation-item wp-block-navigation-link\"><a class=\"wp-block-navigation-item__content\"  href=\"https:\/\/zaragoza.wordcamp.org\/2023\/evento\/ludoteca\/\"><span class=\"wp-block-navigation-item__label\">Ludoteca<\/span><\/a><\/li><\/ul><\/li><li data-wp-context=\"{ &quot;submenuOpenedBy&quot;: { &quot;click&quot;: false, &quot;hover&quot;: false, &quot;focus&quot;: false }, &quot;type&quot;: &quot;submenu&quot;, &quot;modal&quot;: null, &quot;previousFocus&quot;: null }\" data-wp-interactive=\"core\/navigation\" data-wp-on--focusout=\"actions.handleMenuFocusout\" data-wp-on--keydown=\"actions.handleMenuKeydown\" data-wp-on--pointerenter=\"actions.openMenuOnHover\" data-wp-on--pointerleave=\"actions.closeMenuOnHover\" data-wp-watch=\"callbacks.initMenu\" tabindex=\"-1\" class=\"wp-block-navigation-item has-small-font-size has-child open-on-hover-click wp-block-navigation-submenu\"><a class=\"wp-block-navigation-item__content\" href=\"https:\/\/zaragoza.wordcamp.org\/2023\/tickets\/\"><span class=\"wp-block-navigation-item__label\">Tickets<\/span><\/a><button data-wp-bind--aria-expanded=\"state.isMenuOpen\" data-wp-on--click=\"actions.toggleMenuOnClick\" aria-label=\"Submen\u00fa de Tickets\" class=\"wp-block-navigation__submenu-icon wp-block-navigation-submenu__toggle\" ><svg xmlns=\"http:\/\/www.w3.org\/2000\/svg\" width=\"12\" height=\"12\" viewBox=\"0 0 12 12\" fill=\"none\" aria-hidden=\"true\" focusable=\"false\"><path d=\"M1.50002 4L6.00002 8L10.5 4\" stroke-width=\"1.5\"><\/path><\/svg><\/button><ul data-wp-on--focus=\"actions.openMenuOnFocus\" class=\"wp-block-navigation__submenu-container has-text-color has-foreground-color wp-block-navigation-submenu\"><li class=\"has-small-font-size wp-block-navigation-item wp-block-navigation-link\"><a class=\"wp-block-navigation-item__content\"  href=\"https:\/\/zaragoza.wordcamp.org\/2023\/tickets\/\"><span class=\"wp-block-navigation-item__label\">Comprar entrada<\/span><\/a><\/li><li class=\"has-small-font-size wp-block-navigation-item wp-block-navigation-link\"><a class=\"wp-block-navigation-item__content\"  href=\"https:\/\/zaragoza.wordcamp.org\/2023\/tickets\/enviar-comprobante\/\"><span class=\"wp-block-navigation-item__label\">Enviar comprobante<\/span><\/a><\/li><\/ul><\/li><li class=\"has-small-font-size wp-block-navigation-item wp-block-navigation-link\"><a class=\"wp-block-navigation-item__content\"  href=\"https:\/\/zaragoza.wordcamp.org\/2023\/novedades\/\"><span class=\"wp-block-navigation-item__label\">Novedades<\/span><\/a><\/li><li data-wp-context=\"{ &quot;submenuOpenedBy&quot;: { &quot;click&quot;: false, &quot;hover&quot;: false, &quot;focus&quot;: false }, &quot;type&quot;: &quot;submenu&quot;, &quot;modal&quot;: null, &quot;previousFocus&quot;: null }\" data-wp-interactive=\"core\/navigation\" data-wp-on--focusout=\"actions.handleMenuFocusout\" data-wp-on--keydown=\"actions.handleMenuKeydown\" data-wp-on--pointerenter=\"actions.openMenuOnHover\" data-wp-on--pointerleave=\"actions.closeMenuOnHover\" data-wp-watch=\"callbacks.initMenu\" tabindex=\"-1\" class=\"wp-block-navigation-item has-small-font-size has-child open-on-hover-click wp-block-navigation-submenu\"><a class=\"wp-block-navigation-item__content\" href=\"https:\/\/zaragoza.wordcamp.org\/2023\/contacto\/\"><span class=\"wp-block-navigation-item__label\">Contacto<\/span><\/a><button data-wp-bind--aria-expanded=\"state.isMenuOpen\" data-wp-on--click=\"actions.toggleMenuOnClick\" aria-label=\"Submen\u00fa de Contacto\" class=\"wp-block-navigation__submenu-icon wp-block-navigation-submenu__toggle\" ><svg xmlns=\"http:\/\/www.w3.org\/2000\/svg\" width=\"12\" height=\"12\" viewBox=\"0 0 12 12\" fill=\"none\" aria-hidden=\"true\" focusable=\"false\"><path d=\"M1.50002 4L6.00002 8L10.5 4\" stroke-width=\"1.5\"><\/path><\/svg><\/button><ul data-wp-on--focus=\"actions.openMenuOnFocus\" class=\"wp-block-navigation__submenu-container has-text-color has-foreground-color wp-block-navigation-submenu\"><li class=\"has-small-font-size wp-block-navigation-item wp-block-navigation-link\"><a class=\"wp-block-navigation-item__content\"  href=\"https:\/\/zaragoza.wordcamp.org\/2023\/contacto\/\"><span class=\"wp-block-navigation-item__label\">Formulario<\/span><\/a><\/li><li class=\"has-small-font-size wp-block-navigation-item wp-block-navigation-link\"><a class=\"wp-block-navigation-item__content\"  href=\"https:\/\/zaragoza.wordcamp.org\/2023\/como-llegar\/\"><span class=\"wp-block-navigation-item__label\">\u00bfC\u00f3mo llegar?<\/span><\/a><\/li><\/ul><\/li><\/ul>\n\t\t\t\t\t\t\t\t\n\t\t\t\t\t\t\t<\/div>\n\t\t\t\t\t\t<\/div>\n\t\t\t\t\t<\/div>\n\t\t\t\t<\/div><\/nav><\/div>\n<\/div>\n\n\n\n<div class=\"wp-block-columns is-layout-flex wp-container-core-columns-is-layout-dd014378 wp-block-columns-is-layout-flex\" style=\"padding-top:var(--wp--preset--spacing--60);padding-bottom:var(--wp--preset--spacing--60)\">\n<div class=\"wp-block-column is-vertically-aligned-bottom is-layout-flow wp-block-column-is-layout-flow\" style=\"padding-bottom:0;flex-basis:70%\">\n<h2 class=\"has-background-color has-text-color wp-block-heading\">\u00bfC\u00f3mo llegar?<\/h2>\n<\/div>\n\n\n\n<div class=\"wp-block-column is-vertically-aligned-bottom is-layout-flow wp-container-core-column-is-layout-1958d1ba wp-block-column-is-layout-flow\" style=\"border-style:none;border-width:0px;padding-top:0;padding-right:0;padding-bottom:0;padding-left:0;flex-basis:30%\">\n<h2 class=\"has-text-align-center has-background-color has-text-color has-large-font-size wp-block-heading\"><strong>20 y 21 de enero<\/strong><\/h2>\n\n\n\n<p class=\"has-text-align-center has-background-color has-text-color has-medium-font-size wp-block-paragraph\">Edificio ETOPIA<\/p>\n\n\n\n<div class=\"wp-block-buttons is-content-justification-center is-layout-flex wp-container-core-buttons-is-layout-16a957e3 wp-block-buttons-is-layout-flex\" style=\"margin-top:var(--wp--preset--spacing--30);margin-bottom:0\">\n<div class=\"wp-block-button\"><a class=\"wp-block-button__link has-custom-purpura-color has-background-background-color has-text-color has-background wp-element-button\" href=\"https:\/\/zaragoza.wordcamp.org\/2023\/tickets\/\" style=\"border-radius:40px\"><strong>Voy a sacar mi entrada<\/strong><\/a><\/div>\n<\/div>\n<\/div>\n<\/div>\n<\/div>\n<\/div>\n\n\n\n<div class=\"wp-block-cover alignfull is-light\"><span aria-hidden=\"true\" class=\"wp-block-cover__background has-background-background-color has-background-dim-100 has-background-dim\"><\/span><div class=\"wp-block-cover__inner-container is-layout-flow wp-block-cover-is-layout-flow\">\n<div class=\"wp-block-group is-layout-constrained wp-container-core-group-is-layout-f2fb7395 wp-block-group-is-layout-constrained\">\n<div class=\"wp-block-columns are-vertically-aligned-bottom has-medium-font-size is-layout-flex wp-container-core-columns-is-layout-2842b8fd wp-block-columns-is-layout-flex\" style=\"padding-top:0;padding-right:0;padding-bottom:0;padding-left:0\">\n<div class=\"wp-block-column is-vertically-aligned-bottom is-layout-flow wp-block-column-is-layout-flow\" style=\"padding-top:var(--wp--preset--spacing--60);padding-right:var(--wp--preset--spacing--60);padding-bottom:var(--wp--preset--spacing--60);padding-left:var(--wp--preset--spacing--60)\">\n<p class=\"wp-block-paragraph\">Zaragoza es la quinta ciudad espa\u00f1ola a nivel de poblaci\u00f3n y es uno de los centros log\u00edsticos m\u00e1s importantes del sur de Europa, porque es el centro entre otros grandes n\u00facleos urbanos situados a tan s\u00f3lo 300km. de distancia como Madrid, Barcelona, Valencia, Bilbao en Espa\u00f1a y Toulouse en Francia, lo cual es bastante ventajoso para vuestra llegada.<\/p>\n\n\n\n<p class=\"wp-block-paragraph\">Adem\u00e1s el lugar elegido para este magnifica WordCamp Zaragoza 2023 es el mismo de siempre el edificio&nbsp;<strong>ETOPIA Centro de Arte y Tecnolog\u00eda<\/strong>, que es un equipamiento urbano del Ayuntamiento de Zaragoza que alberga laboratorios, espacios de creaci\u00f3n, salas de exposiciones, incubadoras de industrias culturales y creativas y una residencia para creadores multidisciplinares, con un equipo humano que favorece la interconexi\u00f3n entre todas ellas.<br><br><strong>\u00bfEntonces quieres saber c\u00f3mo llegar?<\/strong><\/p>\n<\/div>\n\n\n\n<div class=\"wp-block-column is-vertically-aligned-bottom is-layout-flow wp-block-column-is-layout-flow\">\n<div class=\"wp-block-buttons is-content-justification-right is-layout-flex wp-container-core-buttons-is-layout-43f51d9c wp-block-buttons-is-layout-flex\">\n<div class=\"wp-block-button\"><a class=\"wp-block-button__link has-background-color has-diagonal-primary-to-foreground-gradient-background has-text-color has-background wp-element-button\" href=\"#Zaragoza\" style=\"border-radius:40px\"><strong>\u00bfC\u00f3mo llegar a Zaragoza?<\/strong><\/a><\/div>\n\n\n\n<div class=\"wp-block-button\"><a class=\"wp-block-button__link has-background-color has-diagonal-primary-to-foreground-gradient-background has-text-color has-background wp-element-button\" href=\"#ETOPIA\" style=\"border-radius:40px\"><strong>\u00bfC\u00f3mo llegar a ETOPIA?<\/strong><\/a><\/div>\n<\/div>\n<\/div>\n<\/div>\n<\/div>\n<\/div><\/div>\n\n\n\n<div class=\"wp-block-cover alignfull is-light\" id=\"Zaragoza\"><span aria-hidden=\"true\" class=\"wp-block-cover__background has-background-dim-100 has-background-dim has-background-gradient has-diagonal-primary-to-foreground-gradient-background\"><\/span><div class=\"wp-block-cover__inner-container is-layout-flow wp-block-cover-is-layout-flow\">\n<div class=\"wp-block-group is-layout-constrained wp-container-core-group-is-layout-f2fb7395 wp-block-group-is-layout-constrained\">\n<h3 class=\"has-text-align-center has-background-color has-text-color wp-block-heading\">Todos los caminos llevan a\u2026 Caesaraugusta, os dejamos todas las explicaciones de como llegar aqu\u00ed <\/h3>\n\n\n\n<div style=\"height:32px\" aria-hidden=\"true\" class=\"wp-block-spacer\"><\/div>\n<\/div>\n\n\n\n<div class=\"wp-block-buttons is-content-justification-center is-layout-flex wp-container-core-buttons-is-layout-4fd7fc89 wp-block-buttons-is-layout-flex\">\n<div class=\"wp-block-button boton__fastama__blanco\"><a class=\"wp-block-button__link has-custom-azul-color has-background-background-color has-text-color has-background wp-element-button\" href=\"#avi\u00f3n\" style=\"border-radius:40px\"> \u2708\ufe0f <strong>Venir en avi\u00f3n<\/strong><\/a><\/div>\n\n\n\n<div class=\"wp-block-button boton__blanco\"><a class=\"wp-block-button__link has-custom-azul-color has-background-background-color has-text-color has-background wp-element-button\" href=\"#Tren\" style=\"border-radius:40px\">\ud83d\ude86 <strong>Venir en tren<\/strong><\/a><\/div>\n\n\n\n<div class=\"wp-block-button boton__blanco\"><a class=\"wp-block-button__link has-custom-azul-color has-background-background-color has-text-color has-background wp-element-button\" href=\"#Bus\" style=\"border-radius:40px\">\ud83d\ude8d <strong>Venir en bus<\/strong><\/a><\/div>\n\n\n\n<div class=\"wp-block-button boton__blanco\"><a class=\"wp-block-button__link has-custom-azul-color has-background-background-color has-text-color has-background wp-element-button\" href=\"#Coche\" style=\"border-radius:40px\">\ud83d\ude98 <strong>Venir en coche<\/strong><\/a><\/div>\n<\/div>\n<\/div><\/div>\n\n\n\n<div class=\"wp-block-group is-layout-constrained wp-container-core-group-is-layout-f2fb7395 wp-block-group-is-layout-constrained\">\n<div style=\"margin-top:0;margin-bottom:0;height:100px\" aria-hidden=\"true\" class=\"wp-block-spacer\"><\/div>\n\n\n\n<div class=\"wp-block-group is-layout-constrained wp-container-core-group-is-layout-82fbb045 wp-block-group-is-layout-constrained\">\n<h4 class=\"wp-block-heading\" id=\"avi\u00f3n\">\u2708\ufe0f Venir en Avi\u00f3n<\/h4>\n\n\n\n<p class=\"wp-block-paragraph\">Si vas a venir a venir en avi\u00f3n, te explicamos las opciones que se te presentan:<\/p>\n\n\n\n<div class=\"wp-block-columns are-vertically-aligned-top is-layout-flex wp-container-core-columns-is-layout-c24eaef3 wp-block-columns-is-layout-flex\" style=\"margin-top:0;margin-bottom:0\">\n<div class=\"wp-block-column is-vertically-aligned-top is-layout-flow wp-container-core-column-is-layout-1f0cc803 wp-block-column-is-layout-flow\">\n<h5 class=\"wp-block-heading\" style=\"margin-top:var(--wp--preset--spacing--40)\">Vuelos directos a Zaragoza<\/h5>\n\n\n\n<p class=\"has-background-color has-text-color has-link-color wp-elements-c90b644dbaa2addadc0fcb402f8f0de4 wp-block-paragraph\">El aeropuerto de Zaragoza propone pocos vuelos comerciales y se caracteriza m\u00e1s por su uso de transporte de mercanc\u00edas. Aun as\u00ed, encontrar\u00e1s vuelos desde varios puntos de Espa\u00f1a como Tenerife, M\u00e1laga, Mallorca, etc. y tambi\u00e9n destinos de otras ciudades europeas como Bruselas o Londres. <a href=\"https:\/\/www.aena.es\/es\/zaragoza.html\" data-type=\"URL\" data-id=\"https:\/\/www.aena.es\/es\/zaragoza.html\">Consulta la lista aqu\u00ed<\/a><\/p>\n\n\n\n<p class=\"wp-block-paragraph\"><\/p>\n<\/div>\n\n\n\n<div class=\"wp-block-column is-vertically-aligned-top is-layout-flow wp-container-core-column-is-layout-1f0cc803 wp-block-column-is-layout-flow\">\n<h5 class=\"wp-block-heading\" style=\"margin-top:var(--wp--preset--spacing--40)\">Vuelos a Madrid, Barcelona o Valencia<\/h5>\n\n\n\n<p class=\"wp-block-paragraph\">Si no encuentras tu ciudad entre los vuelos que llegan directos a Zaragoza pero prefieres volar, te queda la opci\u00f3n de volar a ciudades con m\u00e1s opciones de vuelos como lo son Madrid, Barcelona o Valencia y acudir desde ah\u00ed en transporte p\u00fablico (tren o bus) o en coche.<\/p>\n\n\n\n<p class=\"wp-block-paragraph\"><\/p>\n<\/div>\n<\/div>\n\n\n\n<div class=\"wp-block-columns is-layout-flex wp-container-core-columns-is-layout-f56f613f wp-block-columns-is-layout-flex\">\n<div class=\"wp-block-column is-layout-flow wp-block-column-is-layout-flow\" style=\"flex-basis:40%\">\n<figure class=\"wp-block-image aligncenter size-full\"><img loading=\"lazy\" decoding=\"async\" width=\"768\" height=\"513\" src=\"https:\/\/zaragoza.wordcamp.org\/2023\/files\/2022\/12\/aeropuerto-de-Zaragoza.png\" alt=\"Aeropuerto de Zaragoza\" class=\"wp-image-1472\" srcset=\"https:\/\/zaragoza.wordcamp.org\/2023\/files\/2022\/12\/aeropuerto-de-Zaragoza.png 768w, https:\/\/zaragoza.wordcamp.org\/2023\/files\/2022\/12\/aeropuerto-de-Zaragoza-300x200.png 300w, https:\/\/zaragoza.wordcamp.org\/2023\/files\/2022\/12\/aeropuerto-de-Zaragoza-449x300.png 449w\" sizes=\"auto, (max-width: 768px) 100vw, 768px\" \/><figcaption class=\"wp-element-caption\">Aeropuerto de Zaragoza \u2013 Imagen del Peri\u00f3dico de Arag\u00f3n<\/figcaption><\/figure>\n<\/div>\n\n\n\n<div class=\"wp-block-column is-layout-flow wp-block-column-is-layout-flow\" style=\"flex-basis:60%\">\n<ul class=\"has-link-color wp-block-list wp-elements-fc6d04684f91f2e41c1c64394aae3310\">\n<li><strong>La l\u00ednea de autob\u00fas Aeropuerto &#8211; Zaragoza:<\/strong><br>Es una l\u00ednea que une el aeropuerto con el P\u00ba M\u00aa Agust\u00edn, 7 de Zaragoza, y paradas en PLAZA, plaza Imperial y la Estaci\u00f3n Intermodal Delicias. Es una opci\u00f3n econ\u00f3mica ya que el precio el billete sencillo es de 1,85 \u20ac. <a href=\"https:\/\/www.aeropuertodezaragoza.net\/es\/como-llegar\/autobus-aeropuerto-zaragoza.html\" data-type=\"URL\" data-id=\"https:\/\/www.aeropuertodezaragoza.net\/es\/como-llegar\/autobus-aeropuerto-zaragoza.html\">Informaci\u00f3n completa aqu\u00ed<\/a>.<br><\/li>\n\n\n\n<li><strong>Taxi:<\/strong><br>Siempre puedes coger un taxi que te lleve a ti y tus maletas directamente a tu alojamiento. La opci\u00f3n de puerta con puerta siempre tiene un coste y calculamos que te podr\u00e1 costar 20 a 25 \u20ac de lunes a viernes y 25 a 30 \u20ac en s\u00e1bados y festivos. Estas tarifas son aproximativas basadas en un c\u00e1lculo para 16km de trayecto y con las tarifas publicadas en el sitio del aeropuerto el 29 de noviembre de 2018.<br><\/li>\n\n\n\n<li><strong>Alquiler de coche:<\/strong><br>Si tienes planeados irte de excursi\u00f3n fuera de la ciudad, te recomendamos esta opci\u00f3n. Dispones de varias&nbsp;<a href=\"http:\/\/www.aena.es\/es\/aeropuerto-zaragoza\/alquiler-coches.html\">compa\u00f1\u00edas en el aeropuerto para poder alquilar un coche<\/a>&nbsp;y sentirte libre de visitar sitios tur\u00edsticos de inter\u00e9s fuera de la capital aragonesa.<\/li>\n<\/ul>\n<\/div>\n<\/div>\n<\/div>\n\n\n\n<div style=\"margin-top:0;margin-bottom:0;height:100px\" aria-hidden=\"true\" class=\"wp-block-spacer\"><\/div>\n\n\n\n<div class=\"wp-block-group is-layout-constrained wp-container-core-group-is-layout-82fbb045 wp-block-group-is-layout-constrained\">\n<h4 class=\"wp-block-heading\" id=\"Tren\">\ud83d\ude86 Venir en Tren<\/h4>\n\n\n\n<p class=\"wp-block-paragraph\">Si vas a venir a venir en tren, actualmente hay varias l\u00edneas que llegan a la estaci\u00f3n Las Delicias de forma directa seg\u00fan tu origen:<\/p>\n\n\n\n<div class=\"wp-block-group is-layout-flow wp-block-group-is-layout-flow\">\n<div class=\"wp-block-columns are-vertically-aligned-top is-layout-flex wp-container-core-columns-is-layout-44bcdc37 wp-block-columns-is-layout-flex\" style=\"margin-top:var(--wp--preset--spacing--40);margin-bottom:0\">\n<div class=\"wp-block-column is-vertically-aligned-top is-layout-flow wp-container-core-column-is-layout-1f0cc803 wp-block-column-is-layout-flow\">\n<figure class=\"wp-block-image aligncenter size-full is-resized\"><a href=\"https:\/\/www.renfe.com\/es\/es\"><img loading=\"lazy\" decoding=\"async\" src=\"https:\/\/zaragoza.wordcamp.org\/2023\/files\/2022\/12\/Tren-Renfe-AVE.png\" alt=\"\" class=\"wp-image-1512\" width=\"250\" height=\"150\" \/><\/a><figcaption class=\"wp-element-caption\">Tren Renfe AVE<\/figcaption><\/figure>\n<\/div>\n\n\n\n<div class=\"wp-block-column is-vertically-aligned-top is-layout-flow wp-container-core-column-is-layout-1f0cc803 wp-block-column-is-layout-flow\">\n<figure class=\"wp-block-image aligncenter size-full\"><img loading=\"lazy\" decoding=\"async\" width=\"250\" height=\"150\" src=\"https:\/\/zaragoza.wordcamp.org\/2023\/files\/2022\/12\/Tren-Renfe-AVLO.png\" alt=\"\" class=\"wp-image-1510\" \/><figcaption class=\"wp-element-caption\">Tren Renfe AVLO<\/figcaption><\/figure>\n<\/div>\n\n\n\n<div class=\"wp-block-column is-vertically-aligned-top is-layout-flow wp-container-core-column-is-layout-1f0cc803 wp-block-column-is-layout-flow\">\n<figure class=\"wp-block-image aligncenter size-full is-resized\"><a href=\"https:\/\/www.ouigo.com\/es\/\"><img loading=\"lazy\" decoding=\"async\" src=\"https:\/\/zaragoza.wordcamp.org\/2023\/files\/2022\/12\/Tren-OUIGO.png\" alt=\"\" class=\"wp-image-1513\" width=\"250\" height=\"150\" \/><\/a><figcaption class=\"wp-element-caption\">Tren OUIGO<\/figcaption><\/figure>\n<\/div>\n\n\n\n<div class=\"wp-block-column is-vertically-aligned-top is-layout-flow wp-container-core-column-is-layout-1f0cc803 wp-block-column-is-layout-flow\">\n<figure class=\"wp-block-image aligncenter size-full is-resized\"><a href=\"https:\/\/iryo.eu\/\"><img loading=\"lazy\" decoding=\"async\" src=\"https:\/\/zaragoza.wordcamp.org\/2023\/files\/2022\/12\/Tren-IRYO.png\" alt=\"\" class=\"wp-image-1514\" width=\"250\" height=\"150\" \/><\/a><figcaption class=\"wp-element-caption\">Tren IRYO<\/figcaption><\/figure>\n<\/div>\n<\/div>\n<\/div>\n\n\n\n<div class=\"wp-block-columns is-layout-flex wp-container-core-columns-is-layout-f56f613f wp-block-columns-is-layout-flex\">\n<div class=\"wp-block-column is-layout-flow wp-block-column-is-layout-flow\" style=\"flex-basis:40%\">\n<figure class=\"wp-block-image aligncenter size-large\"><img loading=\"lazy\" decoding=\"async\" width=\"1024\" height=\"718\" src=\"https:\/\/zaragoza.wordcamp.org\/2023\/files\/2022\/12\/Estacion_de_FF.CC_._de_Delicias_Zaragoza_Espana_2013-12-29_DD_03-1024x718.jpg\" alt=\"\" class=\"wp-image-1517\" srcset=\"https:\/\/zaragoza.wordcamp.org\/2023\/files\/2022\/12\/Estacion_de_FF.CC_._de_Delicias_Zaragoza_Espana_2013-12-29_DD_03-1024x718.jpg 1024w, https:\/\/zaragoza.wordcamp.org\/2023\/files\/2022\/12\/Estacion_de_FF.CC_._de_Delicias_Zaragoza_Espana_2013-12-29_DD_03-300x210.jpg 300w, https:\/\/zaragoza.wordcamp.org\/2023\/files\/2022\/12\/Estacion_de_FF.CC_._de_Delicias_Zaragoza_Espana_2013-12-29_DD_03-768x538.jpg 768w, https:\/\/zaragoza.wordcamp.org\/2023\/files\/2022\/12\/Estacion_de_FF.CC_._de_Delicias_Zaragoza_Espana_2013-12-29_DD_03-428x300.jpg 428w, https:\/\/zaragoza.wordcamp.org\/2023\/files\/2022\/12\/Estacion_de_FF.CC_._de_Delicias_Zaragoza_Espana_2013-12-29_DD_03.jpg 1280w\" sizes=\"auto, (max-width: 1024px) 100vw, 1024px\" \/><figcaption class=\"wp-element-caption\">Estaci\u00f3n Las Delicias de Zaragoza \u2013 Imagen de Diego Delso<br><\/figcaption><\/figure>\n<\/div>\n\n\n\n<div class=\"wp-block-column is-layout-flow wp-container-core-column-is-layout-1f0cc803 wp-block-column-is-layout-flow\" style=\"flex-basis:60%\">\n<p class=\"wp-block-paragraph\"><strong>Descuento Renfe:<\/strong><br>Si vas a venir a nuestra ciudad en tren, al comprar tu entrada, marca el check para solicitar que te enviaremos por correo la \u00abAutorizaci\u00f3n de descuento\u00bb de RENFE; un documento personal e intransferible con tus datos de inscripci\u00f3n al evento. No es un proceso autom\u00e1tico, tardaremos 24\/48 horas en envi\u00e1rtela.<\/p>\n\n\n\n<ul class=\"has-background-color has-text-color has-link-color wp-block-list wp-elements-c026ac29cdc74cb25fa4e201827fdad9\">\n<li>Podr\u00e1s obtener billetes en recorridos Larga Distancia \/ Alta Velocidad nacionales de Ida y\/o Regreso con origen y destino a la estaci\u00f3n m\u00e1s cercana a Zaragoza con hasta el 30% de descuento.<\/li>\n\n\n\n<li>Para adquirir tus billetes de tren por internet.<\/li>\n\n\n\n<li>La \u00abAutorizaci\u00f3n del descuento\u00bb que te enviaremos&nbsp;<strong>deber\u00e1 ser impresa y mostrada tanto en control de acceso como al Interventor o Supervisor del tren<\/strong>&nbsp;junto al billete, siendo obligatorio llevarla durante todo el recorrido.<\/li>\n\n\n\n<li>No es acumulable a ninguna otra oferta comercial.<\/li>\n<\/ul>\n<\/div>\n<\/div>\n<\/div>\n\n\n\n<div style=\"margin-top:0;margin-bottom:0;height:100px\" aria-hidden=\"true\" class=\"wp-block-spacer\"><\/div>\n\n\n\n<div class=\"wp-block-group is-layout-constrained wp-container-core-group-is-layout-82fbb045 wp-block-group-is-layout-constrained\">\n<h4 class=\"wp-block-heading\" id=\"Bus\">\ud83d\ude8d Venir en Bus<\/h4>\n\n\n\n<p class=\"wp-block-paragraph\">Puedes acudir en bus desde casi cualquier parte de Espa\u00f1a ya que existen rutas desde Madrid, Barcelona, Gij\u00f3n, Guadalajara, Bilbao, Santander, Oviedo, Pamplona\u2026 y desde el sur de la pen\u00ednsula si haces conexi\u00f3n con Madrid.<\/p>\n\n\n\n<div class=\"wp-block-columns is-layout-flex wp-container-core-columns-is-layout-f56f613f wp-block-columns-is-layout-flex\">\n<div class=\"wp-block-column is-layout-flow wp-block-column-is-layout-flow\" style=\"flex-basis:40%\">\n<figure class=\"wp-block-image aligncenter size-large\"><img loading=\"lazy\" decoding=\"async\" width=\"1024\" height=\"718\" src=\"https:\/\/zaragoza.wordcamp.org\/2023\/files\/2022\/12\/Estacion_de_FF.CC_._de_Delicias_Zaragoza_Espana_2013-12-29_DD_03-1024x718.jpg\" alt=\"\" class=\"wp-image-1517\" srcset=\"https:\/\/zaragoza.wordcamp.org\/2023\/files\/2022\/12\/Estacion_de_FF.CC_._de_Delicias_Zaragoza_Espana_2013-12-29_DD_03-1024x718.jpg 1024w, https:\/\/zaragoza.wordcamp.org\/2023\/files\/2022\/12\/Estacion_de_FF.CC_._de_Delicias_Zaragoza_Espana_2013-12-29_DD_03-300x210.jpg 300w, https:\/\/zaragoza.wordcamp.org\/2023\/files\/2022\/12\/Estacion_de_FF.CC_._de_Delicias_Zaragoza_Espana_2013-12-29_DD_03-768x538.jpg 768w, https:\/\/zaragoza.wordcamp.org\/2023\/files\/2022\/12\/Estacion_de_FF.CC_._de_Delicias_Zaragoza_Espana_2013-12-29_DD_03-428x300.jpg 428w, https:\/\/zaragoza.wordcamp.org\/2023\/files\/2022\/12\/Estacion_de_FF.CC_._de_Delicias_Zaragoza_Espana_2013-12-29_DD_03.jpg 1280w\" sizes=\"auto, (max-width: 1024px) 100vw, 1024px\" \/><figcaption class=\"wp-element-caption\">Estaci\u00f3n Las Delicias de Zaragoza \u2013 Imagen de Diego Delso<br><\/figcaption><\/figure>\n<\/div>\n\n\n\n<div class=\"wp-block-column is-layout-flow wp-container-core-column-is-layout-1f0cc803 wp-block-column-is-layout-flow\" style=\"flex-basis:60%\">\n<p class=\"wp-block-paragraph\"><strong>Madrid \u2013 Zaragoza<\/strong><br>Existe una l\u00ednea de autobuses que va directamente desde la T4 del aeropuerto de Madrid y llega en la estaci\u00f3n de autobuses de la estaci\u00f3n Delicias.<\/p>\n\n\n\n<p class=\"wp-block-paragraph\">La misma l\u00ednea que sale desde barajas sale desde el centro y se coge en Avenida Am\u00e9rica. Esta l\u00ednea tiene una frecuencia de 17 autobuses diarios con salidas desde la 1.30h de la madrugada hasta las 23.45h de la noche.<\/p>\n\n\n\n<p class=\"wp-block-paragraph\"><strong>Barcelona \u2013 Zaragoza<\/strong><br>Para venir desde Barcelona a Zaragoza en autob\u00fas, dispones de una l\u00ednea que sale desde la estaci\u00f3n del norte. Los horarios y la frecuencia son parecidos a los autobuses que vienen desde Madrid ya que la primera salido es a la 01.00h de la madrugada y a la \u00faltima a las 23.30h y tiene una frecuencia de 18 autobuses.<\/p>\n\n\n\n<p class=\"wp-block-paragraph\">El precio del billete sale econ\u00f3mico. Desde de 6,50 \u20ac el viaje.<\/p>\n\n\n\n<p class=\"wp-block-paragraph\"><strong>Valencia \u2013 Zaragoza<\/strong><\/p>\n\n\n\n<p class=\"wp-block-paragraph\">Para venir desde Valencia existe una l\u00ednea que sale desde Murcia y va hasta Zaragoza con parada en la capital de la comunidad valenciana.<\/p>\n\n\n\n<p class=\"wp-block-paragraph\"><strong>Bilbao- Zaragoza<br><\/strong>Viajar en bus entre Bilbao y Zaragoza es sencillo. Salen 7 autobuses diarios entre las 06.30h y las 20.45h.<\/p>\n<\/div>\n<\/div>\n<\/div>\n\n\n\n<div style=\"margin-top:0;margin-bottom:0;height:100px\" aria-hidden=\"true\" class=\"wp-block-spacer\"><\/div>\n\n\n\n<div class=\"wp-block-group is-layout-constrained wp-container-core-group-is-layout-82fbb045 wp-block-group-is-layout-constrained\">\n<h4 class=\"wp-block-heading\" id=\"Coche\">\ud83d\ude98 Venir en Coche<\/h4>\n\n\n\n<div class=\"wp-block-columns is-layout-flex wp-container-core-columns-is-layout-f56f613f wp-block-columns-is-layout-flex\">\n<div class=\"wp-block-column is-layout-flow wp-block-column-is-layout-flow\" style=\"flex-basis:40%\">\n<figure class=\"wp-block-image aligncenter size-full\"><img loading=\"lazy\" decoding=\"async\" width=\"768\" height=\"581\" src=\"https:\/\/zaragoza.wordcamp.org\/2023\/files\/2022\/12\/Zaragoza-ciudad-estrategia-1.webp\" alt=\"\" class=\"wp-image-1535\" srcset=\"https:\/\/zaragoza.wordcamp.org\/2023\/files\/2022\/12\/Zaragoza-ciudad-estrategia-1.webp 768w, https:\/\/zaragoza.wordcamp.org\/2023\/files\/2022\/12\/Zaragoza-ciudad-estrategia-1-300x227.webp 300w, https:\/\/zaragoza.wordcamp.org\/2023\/files\/2022\/12\/Zaragoza-ciudad-estrategia-1-397x300.webp 397w\" sizes=\"auto, (max-width: 768px) 100vw, 768px\" \/><\/figure>\n<\/div>\n\n\n\n<div class=\"wp-block-column is-layout-flow wp-container-core-column-is-layout-1f0cc803 wp-block-column-is-layout-flow\" style=\"flex-basis:60%\">\n<p class=\"wp-block-paragraph\"><strong>Tiempos aproximados de viaje<\/strong><\/p>\n\n\n\n<ul class=\"wp-block-list\">\n<li>Desde Madrid, puedes llegar en 3 horas pasando por la A-2.<\/li>\n\n\n\n<li>Desde Barcelona, puedes llegar en 3h 20min pasando por la AP-2 (esta opci\u00f3n tiene peajes).<\/li>\n\n\n\n<li>Desde Valencia, puedes llegar en 3 horas pasando por la A-23.<\/li>\n\n\n\n<li>Desde Bilbao, puedes llegar en menos de 3 horas pasando por la AP-68 (esta ruta incluye peajes).<\/li>\n<\/ul>\n<\/div>\n<\/div>\n\n\n\n<div class=\"wp-block-columns are-vertically-aligned-top is-layout-flex wp-container-core-columns-is-layout-c24eaef3 wp-block-columns-is-layout-flex\" style=\"margin-top:0;margin-bottom:0\">\n<div class=\"wp-block-column is-vertically-aligned-top is-layout-flow wp-container-core-column-is-layout-1f0cc803 wp-block-column-is-layout-flow\">\n<h5 class=\"wp-block-heading\" style=\"margin-top:var(--wp--preset--spacing--40)\">Usar servicios para compartir coche<\/h5>\n\n\n\n<p class=\"has-link-color wp-elements-55cdd201632eed8023bd4631f76515a4 wp-block-paragraph\">De nuevo te recordamos que es posible que m\u00e1s asistentes dela WordCamp acudan desde estas ciudades. Piensa una manera de contactar con ellos v\u00eda Slack, en una Meetup o tus redes sociales para compartir coche con ellos. O puedes utilizar aplicaciones como <a href=\"https:\/\/www.blablacar.es\/\" data-type=\"URL\" data-id=\"https:\/\/www.blablacar.es\/\">BlaBlaCar<\/a>. Har\u00e1s un gesto para el medio ambiente y para tu cartera, adem\u00e1s de pas\u00e1rtelo en grande haciendo nuevos amigos.<\/p>\n\n\n\n<p class=\"has-link-color wp-elements-6439c0e8533b147b7b36de7bd26e13d2 wp-block-paragraph\">Una buena idea es utilizar el hashtag del evento <a href=\"https:\/\/twitter.com\/search?q=%23WCZGZ23&amp;src=typed_query\" data-type=\"URL\" data-id=\"https:\/\/twitter.com\/search?q=%23WCZGZ23&amp;src=typed_query\">#WCZGZ23<\/a> para lanzar tu tuit o buscar gente que tambi\u00e9n quiera ir en coche compartido.<\/p>\n\n\n\n<p class=\"wp-block-paragraph\"><\/p>\n<\/div>\n\n\n\n<div class=\"wp-block-column is-vertically-aligned-top is-layout-flow wp-container-core-column-is-layout-1f0cc803 wp-block-column-is-layout-flow\">\n<h5 class=\"wp-block-heading\" style=\"margin-top:var(--wp--preset--spacing--40)\">Aparcamiento en Zaragoza<\/h5>\n\n\n\n<p class=\"has-link-color wp-elements-2db1c5d846acbf5b776be2ab98abd3dc wp-block-paragraph\">El evento se realiza junto a la Estaci\u00f3n Delicias, cuyo parking es de pago, pero tienen una tarifa \u00abSaba Weekend\u00bb por 18,45 \u20ac todo el s\u00e1bado y domingo. <a href=\"https:\/\/www.saba.es\/es\/parking-estacion-zaragoza-delicias\">M\u00e1s informaci\u00f3n.<\/a><\/p>\n\n\n\n<p class=\"has-link-color wp-elements-43c27b7a3cdfd4d167f60fdab1a41a26 wp-block-paragraph\">Adem\u00e1s, el tranv\u00eda de Zaragoza ofrece a sus usuarios dos aparcamientos disuasorios bonificados, ubicados en las entradas a la ciudad por Valdespartera y el Puente de Santiago (La Chimenea), que permiten dejar el coche en un lugar vigilado con una tarifa reducida y desplazarse por la ciudad en Tranv\u00eda. Las instalaciones est\u00e1n abiertas las 24 horas. <a href=\"https:\/\/www.tranviasdezaragoza.es\/es\/informacion\/aparcamientos-intermodales\" data-type=\"URL\" data-id=\"https:\/\/www.tranviasdezaragoza.es\/es\/informacion\/aparcamientos-intermodales\">M\u00e1s informaci\u00f3n.<\/a><\/p>\n\n\n\n<p class=\"has-link-color wp-elements-053f25cb6b3abc8a72a9e04f2a4d9274 wp-block-paragraph\">El s\u00e1bado, tambi\u00e9n puedes aparcar gratuitamente en el \u00abParking Sur\u00bb de la Expo de Zaragoza, justo a unos metros del evento. Pero no se te olvide retirar el coche antes de medianoche, ya que al d\u00eda siguiente se realiza all\u00ed el \u00abrastro\u00bb municial y no se puede aparcar en domingo. <a href=\"https:\/\/www.google.com\/maps\/place\/Parking+Sur+Expo,+50003+Zaragoza\/@41.6622637,-0.9124898,17z\/data=!4m5!3m4!1s0xd596b446adcb593:0x977f9d571767e01c!8m2!3d41.6631213!4d-0.9134769\" data-type=\"URL\" data-id=\"https:\/\/www.google.com\/maps\/place\/Parking+Sur+Expo,+50003+Zaragoza\/@41.6622637,-0.9124898,17z\/data=!4m5!3m4!1s0xd596b446adcb593:0x977f9d571767e01c!8m2!3d41.6631213!4d-0.9134769\">Ver mapa.<\/a><\/p>\n\n\n\n<p class=\"wp-block-paragraph\"><\/p>\n<\/div>\n<\/div>\n<\/div>\n\n\n\n<div style=\"margin-top:0;margin-bottom:0;height:100px\" aria-hidden=\"true\" class=\"wp-block-spacer\"><\/div>\n<\/div>\n\n\n\n<div class=\"wp-block-group alignfull has-background-background-color has-background is-layout-constrained wp-container-core-group-is-layout-5fc88961 wp-block-group-is-layout-constrained\" id=\"contacto\" style=\"margin-top:0;margin-bottom:0\">\n<div class=\"wp-block-group is-layout-constrained wp-container-core-group-is-layout-c1b1a5d2 wp-block-group-is-layout-constrained\" style=\"margin-top:0;margin-bottom:0;padding-top:var(--wp--preset--spacing--60);padding-right:var(--wp--preset--spacing--60);padding-bottom:var(--wp--preset--spacing--60);padding-left:var(--wp--preset--spacing--60)\">\n<h3 class=\"has-text-align-center has-foreground-color has-text-color wp-block-heading\" id=\"ETOPIA\" style=\"padding-top:2rem;padding-right:2rem;padding-bottom:2rem;padding-left:2rem\">\u00bfC\u00f3mo llegar a ETOPIA?<\/h3>\n\n\n\n<p class=\"has-text-align-center has-foreground-color has-text-color wp-block-paragraph\"><strong>El lugar ideal para una celebrar una WordCamp.<\/strong><\/p>\n\n\n\n<figure class=\"wp-block-image aligncenter size-full is-resized\"><img loading=\"lazy\" decoding=\"async\" src=\"https:\/\/zaragoza.wordcamp.org\/2023\/files\/2022\/12\/etopia-zaragoza.webp\" alt=\"\" class=\"wp-image-1561\" width=\"768\" height=\"512\" srcset=\"https:\/\/zaragoza.wordcamp.org\/2023\/files\/2022\/12\/etopia-zaragoza.webp 768w, https:\/\/zaragoza.wordcamp.org\/2023\/files\/2022\/12\/etopia-zaragoza-300x200.webp 300w, https:\/\/zaragoza.wordcamp.org\/2023\/files\/2022\/12\/etopia-zaragoza-450x300.webp 450w\" sizes=\"auto, (max-width: 768px) 100vw, 768px\" \/><\/figure>\n\n\n\n<div class=\"wp-block-group is-layout-flow wp-container-core-group-is-layout-c67157e4 wp-block-group-is-layout-flow\" style=\"margin-top:var(--wp--preset--spacing--60)\">\n<div class=\"wp-block-columns are-vertically-aligned-top is-layout-flex wp-container-core-columns-is-layout-f56f613f wp-block-columns-is-layout-flex\">\n<div class=\"wp-block-column is-vertically-aligned-top is-layout-flow wp-container-core-column-is-layout-1f0cc803 wp-block-column-is-layout-flow\" style=\"flex-basis:60%\">\n<h5 class=\"has-foreground-color has-text-color wp-block-heading\" style=\"margin-top:0;margin-bottom:var(--wp--preset--spacing--20)\">\u00bfD\u00f3nde se ubica ETOPIA?<\/h5>\n\n\n\n<p class=\"has-foreground-color has-text-color wp-block-paragraph\">El edificio ETOPIA se encuentra a cinco minutos andando de la Estaci\u00f3n del AVE \u2014 conectada directamente a trav\u00e9s de una pasarela \u2014 en plena puerta de entrada a Zaragoza a trav\u00e9s de la autopista A-68.<\/p>\n\n\n\n<p class=\"has-foreground-color has-text-color wp-block-paragraph\">Se ubica en el punto de intersecci\u00f3n de dos de los ejes urbanos con m\u00e1s capacidad de atracci\u00f3n cultural y empresarial: el Parque Empresarial Expo (zona de la Exposici\u00f3n Internacional que tuvo lugar en Zaragoza, en 2008), que incluye el Pabell\u00f3n Puente, la Torre del Agua, el Instituto de Investigaci\u00f3n de Cambio Clim\u00e1tico, el Acuario Fluvial y el Parque Metropolitano del Agua \u00abLuis Bu\u00f1uel\u00bb.<\/p>\n<\/div>\n\n\n\n<div class=\"wp-block-column is-vertically-aligned-top is-layout-flow wp-block-column-is-layout-flow\" style=\"flex-basis:40%\">\n<div class=\"googlemaps\">\n\t\t\t\t<iframe loading=\"lazy\" width=\"320\" height=\"420\" frameborder=\"0\" scrolling=\"no\" marginheight=\"0\" marginwidth=\"0\"  src=\"https:\/\/www.google.com\/maps\/embed?pb=!1m14!1m8!1m3!1d2980.8474763864087!2d-0.907236!3d41.65903732757758!3m2!1i1024!2i768!4f13.1!3m3!1m2!1s0x0:0x12f8c30f1a51a61f!2sETOPIA%20Centro%20de%20Arte%20y%20Tecnolog\u00eda!5e0!3m2!1ses-419!2ses!4v1670336067964!5m2!1ses-419!2ses\"><\/iframe>\n\t\t\t<\/div>\n<\/div>\n<\/div>\n<\/div>\n\n\n\n<div class=\"wp-block-group is-layout-flow wp-container-core-group-is-layout-fab9cca8 wp-block-group-is-layout-flow\">\n<h5 class=\"has-foreground-color has-text-color wp-block-heading\" style=\"margin-top:var(--wp--preset--spacing--60);margin-bottom:var(--wp--preset--spacing--20)\">\u00bfC\u00f3mo llegar a ETOPIA?<\/h5>\n\n\n\n<p class=\"has-foreground-color has-text-color wp-block-paragraph\">Lo m\u00e1s efectivo es usar el transporte colectivo. Zaragoza cuenta con numerosas comunicaciones a trav\u00e9s de tren, bus y avi\u00f3n, puedes consultar mas <a href=\"#Zaragoza\">arriba toda la info.<\/a><\/p>\n\n\n\n<p class=\"has-foreground-color has-text-color wp-block-paragraph\"><strong>L\u00edneas de bus urbano:<\/strong><\/p>\n\n\n\n<ul class=\"has-foreground-color has-text-color has-link-color wp-block-list wp-elements-a8a7de45589330f696b54bd5f5e9becc\">\n<li><strong>CI 4 \u2192<\/strong> De Camino de las Torres a Estaci\u00f3n Delicias  <\/li>\n\n\n\n<li><strong>34 <\/strong>\u2192 De Estaci\u00f3n Delicias a Cementerio <\/li>\n\n\n\n<li><strong>51 <\/strong>\u2192 De Pabell\u00f3n Pr\u00edncipe Felipe a Estaci\u00f3n Delicias <\/li>\n<\/ul>\n\n\n\n<p class=\"has-foreground-color has-text-color has-link-color wp-elements-27f86a2910add5412ba5d695517a35b9 wp-block-paragraph\">Puedes consultar m\u00e1s informaci\u00f3n en la web de Avanza, empresa que gestiona los autobuses urbanos de Zaragoza.<\/p>\n<\/div>\n<\/div>\n<\/div>\n","protected":false},"excerpt":{"rendered":"<p>\u00bfC\u00f3mo llegar? 20 y 21 de enero Edificio ETOPIA \u2708\ufe0f Venir en Avi\u00f3n Si vas a venir a venir en avi\u00f3n, te explicamos las opciones que se te presentan: Vuelos directos a Zaragoza El aeropuerto de Zaragoza propone pocos vuelos comerciales y se caracteriza m\u00e1s por su uso de transporte de mercanc\u00edas. Aun as\u00ed, encontrar\u00e1s [&hellip;]<\/p>\n","protected":false},"author":17906809,"featured_media":0,"parent":0,"menu_order":8,"comment_status":"closed","ping_status":"closed","template":"","meta":{"_crdt_document":"","jetpack_post_was_ever_published":false,"footnotes":""},"class_list":["post-1464","page","type-page","status-publish","hentry"],"jetpack_sharing_enabled":true,"_links":{"self":[{"href":"https:\/\/zaragoza.wordcamp.org\/2023\/wp-json\/wp\/v2\/pages\/1464","targetHints":{"allow":["GET"]}}],"collection":[{"href":"https:\/\/zaragoza.wordcamp.org\/2023\/wp-json\/wp\/v2\/pages"}],"about":[{"href":"https:\/\/zaragoza.wordcamp.org\/2023\/wp-json\/wp\/v2\/types\/page"}],"author":[{"embeddable":true,"href":"https:\/\/zaragoza.wordcamp.org\/2023\/wp-json\/wp\/v2\/users\/17906809"}],"replies":[{"embeddable":true,"href":"https:\/\/zaragoza.wordcamp.org\/2023\/wp-json\/wp\/v2\/comments?post=1464"}],"version-history":[{"count":76,"href":"https:\/\/zaragoza.wordcamp.org\/2023\/wp-json\/wp\/v2\/pages\/1464\/revisions"}],"predecessor-version":[{"id":3548,"href":"https:\/\/zaragoza.wordcamp.org\/2023\/wp-json\/wp\/v2\/pages\/1464\/revisions\/3548"}],"wp:attachment":[{"href":"https:\/\/zaragoza.wordcamp.org\/2023\/wp-json\/wp\/v2\/media?parent=1464"}],"curies":[{"name":"wp","href":"https:\/\/api.w.org\/{rel}","templated":true}]}}