{"id":2211,"date":"2020-01-04T11:13:47","date_gmt":"2020-01-04T10:13:47","guid":{"rendered":"https:\/\/2020.zaragoza.wordcamp.org\/?post_type=wcb_speaker&#038;p=2211"},"modified":"2020-01-13T18:26:16","modified_gmt":"2020-01-13T17:26:16","slug":"javier-esteban","status":"publish","type":"wcb_speaker","link":"https:\/\/zaragoza.wordcamp.org\/2020\/speaker\/javier-esteban\/","title":{"rendered":"Javier Esteban"},"content":{"rendered":"\n<p class=\"wp-block-paragraph\">Apasionado de la inform\u00e1tica e internet casi desde que tengo uso de raz\u00f3n.<\/p>\n\n\n\n<p class=\"wp-block-paragraph\">En la actualidad desarrollo y colaboro en diferentes proyectos, tanto propios como en comunidad. Destacar\u00eda mi colaboraci\u00f3n para WordPress como editor general de traducciones (GTE), del equipo de traducci\u00f3n de Espa\u00f1a, la promoci\u00f3n de la presencia online del comercio de proximidad, las actividades de acceso al mundo digital para ni\u00f1os y adultos y la colaboraci\u00f3n con asociaciones, ONG y entidades sin \u00e1nimo de lucro, etc., a las que ofrezco asesoramiento, as\u00ed como dise\u00f1o y alojamiento web de forma totalmente gratuita.<\/p>\n\n\n\n<p class=\"wp-block-paragraph\">Para WordCamp Zaragoza 2020, en mi primera participaci\u00f3n, la organizaci\u00f3n ha tenido a bien confiarme la coordinaci\u00f3n de la mesa de traducci\u00f3n en el <a href=\"https:\/\/2020.zaragoza.wordcamp.org\/dia-para-compartir\/\">d\u00eda para compartir<\/a>.<\/p>\n","protected":false},"excerpt":{"rendered":"<p>Apasionado de la inform\u00e1tica e internet casi desde que tengo uso de raz\u00f3n. En la actualidad desarrollo y colaboro en diferentes proyectos, tanto propios como en comunidad. Destacar\u00eda mi colaboraci\u00f3n para WordPress como editor general de traducciones (GTE), del equipo de traducci\u00f3n de Espa\u00f1a, la promoci\u00f3n de la presencia online del comercio de proximidad, las &hellip; <a href=\"https:\/\/zaragoza.wordcamp.org\/2020\/speaker\/javier-esteban\/\" class=\"more-link\">Continuar leyendo<span class=\"screen-reader-text\"> \u00abJavier Esteban\u00bb<\/span><\/a><\/p>\n","protected":false},"author":6642423,"featured_media":0,"comment_status":"closed","ping_status":"closed","template":"","meta":{"_crdt_document":"","jetpack_post_was_ever_published":false,"_wcpt_user_name":"","footnotes":""},"speaker_group":[],"class_list":["post-2211","wcb_speaker","type-wcb_speaker","status-publish","hentry"],"jetpack_sharing_enabled":true,"jetpack_likes_enabled":true,"avatar_urls":{"24":"https:\/\/secure.gravatar.com\/avatar\/1a30fe129f874a48f392537698d44f734dfa2bd2b9bef16b45c569be1c80409c?s=24&d=mm&r=g","48":"https:\/\/secure.gravatar.com\/avatar\/1a30fe129f874a48f392537698d44f734dfa2bd2b9bef16b45c569be1c80409c?s=48&d=mm&r=g","96":"https:\/\/secure.gravatar.com\/avatar\/1a30fe129f874a48f392537698d44f734dfa2bd2b9bef16b45c569be1c80409c?s=96&d=mm&r=g","128":"https:\/\/secure.gravatar.com\/avatar\/1a30fe129f874a48f392537698d44f734dfa2bd2b9bef16b45c569be1c80409c?s=128&d=mm&r=g","256":"https:\/\/secure.gravatar.com\/avatar\/1a30fe129f874a48f392537698d44f734dfa2bd2b9bef16b45c569be1c80409c?s=256&d=mm&r=g","512":"https:\/\/secure.gravatar.com\/avatar\/1a30fe129f874a48f392537698d44f734dfa2bd2b9bef16b45c569be1c80409c?s=512&d=mm&r=g"},"_links":{"self":[{"href":"https:\/\/zaragoza.wordcamp.org\/2020\/wp-json\/wp\/v2\/speakers\/2211","targetHints":{"allow":["GET"]}}],"collection":[{"href":"https:\/\/zaragoza.wordcamp.org\/2020\/wp-json\/wp\/v2\/speakers"}],"about":[{"href":"https:\/\/zaragoza.wordcamp.org\/2020\/wp-json\/wp\/v2\/types\/wcb_speaker"}],"author":[{"embeddable":true,"href":"https:\/\/zaragoza.wordcamp.org\/2020\/wp-json\/wp\/v2\/users\/6642423"}],"replies":[{"embeddable":true,"href":"https:\/\/zaragoza.wordcamp.org\/2020\/wp-json\/wp\/v2\/comments?post=2211"}],"version-history":[{"count":4,"href":"https:\/\/zaragoza.wordcamp.org\/2020\/wp-json\/wp\/v2\/speakers\/2211\/revisions"}],"predecessor-version":[{"id":2599,"href":"https:\/\/zaragoza.wordcamp.org\/2020\/wp-json\/wp\/v2\/speakers\/2211\/revisions\/2599"}],"sessions":[{"embeddable":true,"href":"https:\/\/zaragoza.wordcamp.org\/2020\/wp-json\/wp\/v2\/sessions\/1763?_embed=1&context=view"}],"wp:attachment":[{"href":"https:\/\/zaragoza.wordcamp.org\/2020\/wp-json\/wp\/v2\/media?parent=2211"}],"wp:term":[{"taxonomy":"wcb_speaker_group","embeddable":true,"href":"https:\/\/zaragoza.wordcamp.org\/2020\/wp-json\/wp\/v2\/speaker_group?post=2211"}],"curies":[{"name":"wp","href":"https:\/\/api.w.org\/{rel}","templated":true}]}}