{"id":1757,"date":"2019-12-18T17:28:24","date_gmt":"2019-12-18T16:28:24","guid":{"rendered":"https:\/\/2020.zaragoza.wordcamp.org\/?post_type=wcb_session&#038;p=1757"},"modified":"2020-01-30T10:18:38","modified_gmt":"2020-01-30T09:18:38","slug":"que-y-quien-hay-detras-de-wordpress","status":"publish","type":"wcb_session","link":"https:\/\/zaragoza.wordcamp.org\/2020\/session\/que-y-quien-hay-detras-de-wordpress\/","title":{"rendered":"Qu\u00e9 y qui\u00e9n hay detr\u00e1s de WordPress"},"content":{"rendered":"\n<p class=\"wp-block-paragraph\">WordPress naci\u00f3 como un fork de <a href=\"http:\/\/cafelog.com\/\">B2\/Cafelog<\/a>, es decir, un desarrollo creado a partir de otro software ya existente pero que toman caminos distintos. A pesar de ello, WordPress es ya el gestor de contenido m\u00e1s usado en todo el mundo.<\/p>\n\n\n\n<p class=\"wp-block-paragraph\">Si WordPress ha ganado su posici\u00f3n actual, es por haber conseguido facilitar y acercar la creaci\u00f3n de una p\u00e1gina web a todo el mundo, aunque no hayas tocado nunca una sola l\u00ednea de c\u00f3digo. La misi\u00f3n de la WordPress Foundation, la fundaci\u00f3n que hay detr\u00e1s, es democratizar la publicaci\u00f3n en la web a trav\u00e9s del software libre y la web abierta. <\/p>\n\n\n\n<p class=\"wp-block-paragraph\">Pero si hay algo que destacar de WordPress no ser\u00eda tanto qu\u00e9, sino qui\u00e9n hay detr\u00e1s: ser\u00eda injusto pensar en WordPress como una fundaci\u00f3n sin m\u00e1s, como un \u00abente\u00bb abstracto, o se\u00f1alar \u00fanicamente a Matt Mullenweg, su principal creador, debemos poner en valor y destacar la cantidad de todo tipo de colaboradores que hay detr\u00e1s de este gran proyecto: la comunidad WordPress.<\/p>\n","protected":false},"excerpt":{"rendered":"<p>WordPress naci\u00f3 como un fork de B2\/Cafelog, es decir, un desarrollo creado a partir de otro software ya existente pero que toman caminos distintos. A pesar de ello, WordPress es ya el gestor de contenido m\u00e1s usado en todo el mundo. Si WordPress ha ganado su posici\u00f3n actual, es por haber conseguido facilitar y acercar &hellip; <a href=\"https:\/\/zaragoza.wordcamp.org\/2020\/session\/que-y-quien-hay-detras-de-wordpress\/\" class=\"more-link\">Continuar leyendo<span class=\"screen-reader-text\"> \u00abQu\u00e9 y qui\u00e9n hay detr\u00e1s de WordPress\u00bb<\/span><\/a><\/p>\n","protected":false},"author":6642423,"featured_media":2285,"template":"","meta":{"_crdt_document":"","jetpack_post_was_ever_published":false,"_wcpt_session_time":1579264200,"_wcpt_session_duration":3000,"_wcpt_session_type":"session","_wcpt_session_slides":"https:\/\/docs.google.com\/presentation\/d\/1R_FFHMddC7Pl-CDt5UvYLRL_zX8X4DTk3ynSqbBgM9I\/present","_wcpt_session_video":"https:\/\/wordpress.tv\/2020\/01\/30\/alejandro-gil-mialdea-que-y-quien-hay-detras-de-wordpress\/","_wcpt_speaker_id":[1755],"footnotes":""},"session_track":[47],"session_category":[52],"class_list":["post-1757","wcb_session","type-wcb_session","status-publish","has-post-thumbnail","hentry","wcb_track-track-a-auditorio","wcb_session_category-todos-los-publicos"],"jetpack_sharing_enabled":true,"jetpack_likes_enabled":true,"session_date_time":{"date":"17\/01\/2020","time":"13:30"},"session_speakers":[{"id":"1755","slug":"alejandro-gil-mialdea","name":"Alejandro Gil Mialdea","link":"https:\/\/zaragoza.wordcamp.org\/2020\/speaker\/alejandro-gil-mialdea\/"}],"session_cats_rendered":"Todos los p\u00fablicos","_links":{"self":[{"href":"https:\/\/zaragoza.wordcamp.org\/2020\/wp-json\/wp\/v2\/sessions\/1757","targetHints":{"allow":["GET"]}}],"collection":[{"href":"https:\/\/zaragoza.wordcamp.org\/2020\/wp-json\/wp\/v2\/sessions"}],"about":[{"href":"https:\/\/zaragoza.wordcamp.org\/2020\/wp-json\/wp\/v2\/types\/wcb_session"}],"author":[{"embeddable":true,"href":"https:\/\/zaragoza.wordcamp.org\/2020\/wp-json\/wp\/v2\/users\/6642423"}],"version-history":[{"count":3,"href":"https:\/\/zaragoza.wordcamp.org\/2020\/wp-json\/wp\/v2\/sessions\/1757\/revisions"}],"predecessor-version":[{"id":2250,"href":"https:\/\/zaragoza.wordcamp.org\/2020\/wp-json\/wp\/v2\/sessions\/1757\/revisions\/2250"}],"speakers":[{"embeddable":true,"href":"https:\/\/zaragoza.wordcamp.org\/2020\/wp-json\/wp\/v2\/speakers\/1755"}],"wp:featuredmedia":[{"embeddable":true,"href":"https:\/\/zaragoza.wordcamp.org\/2020\/wp-json\/wp\/v2\/media\/2285"}],"wp:attachment":[{"href":"https:\/\/zaragoza.wordcamp.org\/2020\/wp-json\/wp\/v2\/media?parent=1757"}],"wp:term":[{"taxonomy":"wcb_track","embeddable":true,"href":"https:\/\/zaragoza.wordcamp.org\/2020\/wp-json\/wp\/v2\/session_track?post=1757"},{"taxonomy":"wcb_session_category","embeddable":true,"href":"https:\/\/zaragoza.wordcamp.org\/2020\/wp-json\/wp\/v2\/session_category?post=1757"}],"curies":[{"name":"wp","href":"https:\/\/api.w.org\/{rel}","templated":true}]}}