{"id":13,"date":"2019-11-14T19:26:33","date_gmt":"2019-11-14T18:26:33","guid":{"rendered":"https:\/\/2020.zaragoza.wordcamp.org\/?page_id=13"},"modified":"2020-01-16T14:14:15","modified_gmt":"2020-01-16T13:14:15","slug":"tickets","status":"publish","type":"page","link":"https:\/\/zaragoza.wordcamp.org\/2020\/tickets\/","title":{"rendered":"Asiste a WCZGZ 2020"},"content":{"rendered":"\n<ul class=\"listamenu wp-block-list\"><li><a href=\"#comprar\">Tickets: Compra tu entrada<\/a><\/li><li><a href=\"#faq\">Preguntas frecuentes<\/a><\/li><\/ul>\n\n\n\n<h2 class=\"wp-block-heading\" id=\"comprar\">Tickets<\/h2>\n\n\n\n<p class=\"has-text-color has-background has-text-align-center has-white-color has-bright-red-background-color wp-block-paragraph\">* SOLD OUT *<br>Hemos vendido todas las entradas \u00a1Gracias! <\/p>\n\n\n\n<h2 class=\"wp-block-heading\" id=\"faq\">Preguntas frecuentes<br><\/h2>\n\n\n\n<ol class=\"listatoc wp-block-list\"><li><a href=\"#que-se-incluye\">Entrada \u00abEst\u00e1ndar\u00bb, \u00abEstudiante \/ Desempleo\u00bb o \u00abFila 0\u00bb \u00bfqu\u00e9 incluye cada tipo de entrada?<\/a><\/li><li><a href=\"#perfiles\">WordCamp es para TODOS los p\u00fablicos. Perfiles \u00abColaborador\u00bb, \u00abEditor\u00bb o \u00abAdministrador\u00bb&#8230; \u00bfqu\u00e9 significan?<\/a><\/li><li><a href=\"#avatar\">\u00bfPor qu\u00e9 no se ve mi avatar?<\/a><\/li><li><a href=\"#contributor-day\">\u00bfEn qu\u00e9 consiste el d\u00eda para compartir o \u00abContributor Day\u00bb?<\/a><\/li><li><a href=\"#descuento-renfe\">\u00bfVienes desde otra ciudad a Zaragoza? Descuento en Renfe.<\/a><\/li><li><a href=\"#factura\">\u00bfC\u00f3mo puedo solicitar factura?<\/a><\/li><li><a href=\"#notas\">Notas adicionales<\/a><\/li><\/ol>\n\n\n\n<h3 class=\"wp-block-heading\" id=\"que-se-incluye\">1) \u00bfQu\u00e9 incluye cada tipo de entrada?<\/h3>\n\n\n\n<p class=\"wp-block-paragraph\"><strong>La entrada \u00abEst\u00e1ndar\u00bb de 20 \u20ac incluye:<\/strong><\/p>\n\n\n\n<ul class=\"wp-block-list\"><li>Acceso a todo el evento (viernes y s\u00e1bado), a todas sus ponencias, talleres y actividades ofrecidas por ponentes de primer nivel.<\/li><li>Caf\u00e9, agua y picoteo durante los descansos.<\/li><li>Comida en comunidad para reponer fuerzas y hacer networking, intercambiar ideas y conocer a otros profesionales (viernes y s\u00e1bado).<\/li><li>Acceso al After Party que celebraremos en la noche del s\u00e1bado.<\/li><li>Y otras sorpresas que nos ofrecer\u00e1n nuestros patrocinadores.<\/li><\/ul>\n\n\n\n<p class=\"wp-block-paragraph\"><strong>Si est\u00e1s en desempleo o eres estudiante (hasta 26 a\u00f1os incluido):<\/strong><\/p>\n\n\n\n<p class=\"wp-block-paragraph\">Puedes inscribirte con este tipo de entrada que incluye un 50% de descuento. Una vez te hayas inscrito <span style=\"color:#BB0000\"><strong>no olvides&nbsp;env\u00edarnos tu comprobante<\/strong><\/span> (tu tarjeta de demanda de empleo, un carn\u00e9 de estudiante, o similar) para que se haga efectiva a trav\u00e9s de <a rel=\"noreferrer noopener\" href=\"https:\/\/goo.gl\/forms\/oCBngowsR5XE7TRH3\" target=\"_blank\">este formulario<\/a>.<br><\/p>\n\n\n\n<p class=\"wp-block-paragraph\">\u00bfQu\u00e9 incluye? La entrada incluye ex\u00e1ctamente lo mismo que la entrada \u00abEst\u00e1ndar\u00bb. Son id\u00e9nticas. La \u00fanica diferencia es que solo podr\u00e1 solicitarse <span style=\"color:#BB0000\"><strong>factura a t\u00edtulo personal<\/strong><\/span>, nunca a nombre de empresa.<br><\/p>\n\n\n\n<p class=\"wp-block-paragraph\"><strong>La entrada \u00abFila 0\u00bb de 20 \u20ac incluye:<\/strong><\/p>\n\n\n\n<p class=\"wp-block-paragraph\">Si no puedes asistir al evento, pero quieres formar parte de WordCamp Zaragoza 2020 apoyando a la comunidad ma\u00f1a&#8230; \u00a1esta es tu entrada!<\/p>\n\n\n\n<ul class=\"wp-block-list\"><li>Ser\u00e1s uno m\u00e1s en el apartado de asistentes al evento. (Debes marcarlo al comprar tu entrada).<\/li><li>Recibir\u00e1s una acreditaci\u00f3n conmemorativa por correo a tu domicilio.<\/li><li>Agradecimiento en Twitter.<\/li><\/ul>\n\n\n\n<p class=\"has-text-align-center has-small-font-size wp-block-paragraph\"><a href=\"#main\">Subir arriba<\/a><\/p>\n\n\n\n<h3 class=\"wp-block-heading\" id=\"perfiles\">2) WordCamp es para TODOS los p\u00fablicos. Perfiles \u00abAdministrador\u00bb, \u00abEditor\u00bb y \u00abColaborador\u00bb&#8230; \u00bfqu\u00e9 significan?<\/h3>\n\n\n\n<p class=\"wp-block-paragraph\">WordCamp es para todo tipo de personas que utilicen WordPress; para usuarios y gestores de contenido, para desarrolladores, etc. De hecho, cuando compres tu entrada te preguntaremos tu perfil, esto nos permitir\u00e1 conocer m\u00e1s qu\u00e9 tipo de p\u00fablico vendr\u00e1 al evento: Administrador | Editor | Colaborador<\/p>\n\n\n\n<ul class=\"wp-block-list\"><li><strong>Editor<\/strong>:<br>Este perfil estar\u00e1 enfocada en aquellos temas m\u00e1s centrados en todo tipo de usuario: copywriting, gesti\u00f3n de contenidos, blog, maquetaci\u00f3n, negocio o marketing.<\/li><li><strong>Administrador<\/strong>:<br>Este perfil estar\u00e1 m\u00e1s enfocado a temas m\u00e1s t\u00e9cnicos, sobre programaci\u00f3n (HTML, CSS, PHP, jQuery, etc), sobre servidores, dise\u00f1o avanzado, t\u00e9cnicas CRO o WPO, etc. Eso s\u00ed, <strong>no solo exclusivos para expertos<\/strong>, pueden ser de un nivel de iniciaci\u00f3n para aquellos que quieran empezar en estos temas.<\/li><li><strong>Colaborador<\/strong>:<br>Quiz\u00e1 tu perfil est\u00e9 m\u00e1s enfocado al emprendimiento, al networking, aprendizaje y trayectoria profesional, o quiz\u00e1 en un enfoque m\u00e1s abierto, sobre colaboraci\u00f3n y comunidad, GPL, etc.<\/li><\/ul>\n\n\n\n<p class=\"has-text-align-center has-small-font-size wp-block-paragraph\"><a href=\"#main\">Subir arriba<\/a><\/p>\n\n\n\n<h3 class=\"wp-block-heading\" id=\"avatar\"><strong>3) \u00bfPor qu\u00e9 no se ve mi avatar?<\/strong><\/h3>\n\n\n\n<p class=\"wp-block-paragraph\">\u00bfEntras en el listado de asistentes y no se ve tu foto? Si es as\u00ed, tampoco se ver\u00e1 en tu acreditaci\u00f3n.<\/p>\n\n\n\n<p class=\"wp-block-paragraph\"><a href=\"https:\/\/2020.zaragoza.wordcamp.org\/asistentes\/\" target=\"_blank\" rel=\"noreferrer noopener\" aria-label=\" (abre en una nueva pesta\u00f1a)\">Ver listado de asistentes.<\/a><\/p>\n\n\n\n<p class=\"wp-block-paragraph\">Utilizamos el famoso sistema <a href=\"https:\/\/es.gravatar.com\/\" target=\"_blank\" rel=\"noreferrer noopener\" aria-label=\" (abre en una nueva pesta\u00f1a)\">Gravatar<\/a> para mostrar la foto\/avatar de los asistentes tanto en la p\u00e1gina de asistentes como en su propia acreditaci\u00f3n. Si quieres que tu foto aparezca en el listado y acreditaci\u00f3n, basta con crear una cuenta y asignarle tu avatar o foto al correo electr\u00f3nico que utilizar\u00e1s para adquirir tu entrada.<\/p>\n\n\n\n<p class=\"has-text-align-center has-small-font-size wp-block-paragraph\"><a href=\"#main\">Subir arriba<\/a><\/p>\n\n\n\n<h3 class=\"wp-block-heading\" id=\"contributor-day\">4) \u00bfQu\u00e9 es el \u00abd\u00eda para compartir\u00bb?<br><\/h3>\n\n\n\n<p class=\"wp-block-paragraph\">Ser\u00e1 el viernes 17 de enero. Antes del <strong>d\u00eda para aprender<\/strong> con conferencias y talleres; este es un d\u00eda dedicado a <strong>colaborar y compartir tu tiempo<\/strong>, para seguir haciendo de WordPress lo que es.<\/p>\n\n\n\n<p class=\"wp-block-paragraph\"><a href=\"https:\/\/2020.zaragoza.wordcamp.org\/dia-para-compartir\/\" target=\"_blank\" rel=\"noreferrer noopener\" aria-label=\" (abre en una nueva pesta\u00f1a)\">Conoce m\u00e1s sobre esta jornada.<\/a><\/p>\n\n\n\n<p class=\"wp-block-paragraph\">\u00bfQuieres venir solo el viernes? No es necesario que compres entrada, puedes venir gratuitamente, solo te pedimos que lo indiques aqu\u00ed para tener un mayor control de asistencia: <a href=\"https:\/\/www.meetup.com\/es-ES\/WordPress-Zaragoza\/events\/267617109\/\" target=\"_blank\" rel=\"noreferrer noopener\" aria-label=\" (abre en una nueva pesta\u00f1a)\">https:\/\/www.meetup.com\/es-ES\/WordPress-Zaragoza\/events\/267617109\/<\/a><\/p>\n\n\n\n<p class=\"has-text-align-center has-small-font-size wp-block-paragraph\"><a href=\"#main\">Subir arriba<\/a><\/p>\n\n\n\n<h3 class=\"wp-block-heading\" id=\"descuento-renfe\">5) \u00bfVienes desde otra ciudad a Zaragoza?<br><\/h3>\n\n\n\n<p class=\"wp-block-paragraph\">Todos los asistentes ten\u00e9is un <strong>descuento de un 30 %<\/strong> de descuento en tu billete de tren Alta Velocidad \/ Larga Distancia de Renfe. Marca el check al comprar tu entrada para recibirlo (no es un proceso autom\u00e1tico, tardaremos 24\/48 horas en envi\u00e1rtelo).<br><\/p>\n\n\n\n<p class=\"has-text-align-center has-small-font-size wp-block-paragraph\"><a href=\"#main\">Subir arriba<\/a><\/p>\n\n\n\n<h3 class=\"wp-block-heading\" id=\"factura\">6) \u00bfC\u00f3mo puedo solicitar factura?<br><\/h3>\n\n\n\n<p class=\"wp-block-paragraph\">Para solicitar factura puedes enviarnos un mensaje a trav\u00e9s de la p\u00e1gina de <a href=\"https:\/\/2020.zaragoza.wordcamp.org\/solicitar-factura\/\" target=\"_blank\" rel=\"noreferrer noopener\" aria-label=\" (abre en una nueva pesta\u00f1a)\">solicitud de factura<\/a> escribi\u00e9ndonos el nombre de cada uno de los asistentes a incluir en la factura y tus datos de facturaci\u00f3n (Raz\u00f3n social, NIF y direcci\u00f3n fiscal completa). S\u00f3lo hasta el 29 de febrero de 2020.<\/p>\n\n\n\n<p class=\"has-text-align-center has-small-font-size wp-block-paragraph\"><a href=\"#main\">Subir arriba<\/a><\/p>\n\n\n\n<h3 class=\"wp-block-heading\" id=\"notas\">7) Notas aclaratorias<br><\/h3>\n\n\n\n<p class=\"wp-block-paragraph\">* Si quieres asistir al d\u00eda para compartir (Contributor Day) m\u00e1rcalo cuando rellenes los datos para tu entrada.<\/p>\n\n\n\n<p class=\"wp-block-paragraph\">** Aunque la \u00fanica forma de pago sea PayPal o Stripe, no necesitas estar registrado en ninguna de estas plataformas, podr\u00e1s pagar con tu tarjeta de d\u00e9bito o cr\u00e9dito habitual.<\/p>\n\n\n\n<p class=\"wp-block-paragraph\">*** Aviso para voluntarios y ponentes: No adquieras tu entrada sin hablar antes con nosotros. <a href=\"https:\/\/2020.zaragoza.wordcamp.org\/contacta\/\" target=\"_blank\" rel=\"noreferrer noopener\" aria-label=\" (abre en una nueva pesta\u00f1a)\">Contact\u00e1nos<\/a>.<\/p>\n\n\n\n<p class=\"wp-block-paragraph\">**** Las entradas son personales e intransferibles. Si por alguna raz\u00f3n no puedes asistir al evento, puedes solicitar el reembolso hasta el d\u00eda 10 de enero de 2020.<br><\/p>\n\n\n\n<p class=\"has-text-align-center has-small-font-size wp-block-paragraph\"><a href=\"#main\">Subir arriba<\/a><\/p>\n","protected":false},"excerpt":{"rendered":"<p>Tickets: Compra tu entrada Preguntas frecuentes Tickets * SOLD OUT *Hemos vendido todas las entradas \u00a1Gracias! Preguntas frecuentes Entrada \u00abEst\u00e1ndar\u00bb, \u00abEstudiante \/ Desempleo\u00bb o \u00abFila 0\u00bb \u00bfqu\u00e9 incluye cada tipo de entrada? WordCamp es para TODOS los p\u00fablicos. Perfiles \u00abColaborador\u00bb, \u00abEditor\u00bb o \u00abAdministrador\u00bb&#8230; \u00bfqu\u00e9 significan? \u00bfPor qu\u00e9 no se ve mi avatar? \u00bfEn qu\u00e9 consiste &hellip; <a href=\"https:\/\/zaragoza.wordcamp.org\/2020\/tickets\/\" class=\"more-link\">Continuar leyendo<span class=\"screen-reader-text\"> \u00abAsiste a WCZGZ 2020\u00bb<\/span><\/a><\/p>\n","protected":false},"author":16826045,"featured_media":0,"parent":0,"menu_order":0,"comment_status":"closed","ping_status":"closed","template":"","meta":{"_crdt_document":"","jetpack_post_was_ever_published":false,"footnotes":""},"class_list":["post-13","page","type-page","status-publish","hentry"],"jetpack_sharing_enabled":true,"jetpack_likes_enabled":true,"_links":{"self":[{"href":"https:\/\/zaragoza.wordcamp.org\/2020\/wp-json\/wp\/v2\/pages\/13","targetHints":{"allow":["GET"]}}],"collection":[{"href":"https:\/\/zaragoza.wordcamp.org\/2020\/wp-json\/wp\/v2\/pages"}],"about":[{"href":"https:\/\/zaragoza.wordcamp.org\/2020\/wp-json\/wp\/v2\/types\/page"}],"author":[{"embeddable":true,"href":"https:\/\/zaragoza.wordcamp.org\/2020\/wp-json\/wp\/v2\/users\/16826045"}],"replies":[{"embeddable":true,"href":"https:\/\/zaragoza.wordcamp.org\/2020\/wp-json\/wp\/v2\/comments?post=13"}],"version-history":[{"count":17,"href":"https:\/\/zaragoza.wordcamp.org\/2020\/wp-json\/wp\/v2\/pages\/13\/revisions"}],"predecessor-version":[{"id":2715,"href":"https:\/\/zaragoza.wordcamp.org\/2020\/wp-json\/wp\/v2\/pages\/13\/revisions\/2715"}],"wp:attachment":[{"href":"https:\/\/zaragoza.wordcamp.org\/2020\/wp-json\/wp\/v2\/media?parent=13"}],"curies":[{"name":"wp","href":"https:\/\/api.w.org\/{rel}","templated":true}]}}