{"id":12,"date":"2019-08-28T11:24:26","date_gmt":"2019-08-28T09:24:26","guid":{"rendered":"https:\/\/2020.zaragoza.wordcamp.org\/organizers\/"},"modified":"2021-09-26T18:09:25","modified_gmt":"2021-09-26T16:09:25","slug":"organizacion","status":"publish","type":"page","link":"https:\/\/zaragoza.wordcamp.org\/2020\/organizacion\/","title":{"rendered":"Organizaci\u00f3n"},"content":{"rendered":"\n<p class=\"wp-block-paragraph\">Desde que naci\u00f3 la comunidad WordPress en Zaragoza, el equipo de organizaci\u00f3n ha ido creciendo poco a poco. A continuaci\u00f3n, os presentamos al equipo de personas que hace que WordCamp Zaragoza 2020 sea una realidad.<\/p>\n\n\n\n<hr class=\"wp-block-separator\" \/>\n\n\n<ul class=\"wordcamp-block wordcamp-post-list has-layout-list wordcamp-organizers\"><li class=\"wordcamp-post-list__post wordcamp-clearfix\">\n<div class=\"wordcamp-organizer wordcamp-organizers__post slug-alejandro-gil-mialdea\">\n\t<h3 class=\"wordcamp-block__item-title wordcamp-organizers__title\" style=\"text-align:center\">Alejandro Gil Mialdea<\/h3>\n\t\t\t<div class=\"wordcamp-image__avatar-container align-center\">\n\t\t\t<img decoding=\"async\" src=\"https:\/\/secure.gravatar.com\/avatar\/43f5f65fc5cc7cda34ec315a19a294411cbe017b72aae3250c1123397354eac0?s=90&amp;d=mm&amp;r=g\" alt=\"Avatar de Alejandro Gil Mialdea\" \/>\t\t<\/div>\n\t\n\t\t\t<div class=\"wordcamp-block__item-content wordcamp-organizers__content is-full\"><div style=\"height:20px\" aria-hidden=\"true\" class=\"wp-block-spacer\"><\/div>\n<p class=\"wp-block-paragraph\" style=\"text-align:center\">Comenc\u00e9 como programador en la empresa privada, pero pronto cambi\u00e9 mi rumbo fundando dos empresas, una de marketing y desarrollo web y otra de eventos de marketing y formaci\u00f3n.<\/p>\n<p class=\"wp-block-paragraph\" style=\"text-align:center\">Fue en aquellos momentos cuando empec\u00e9 a jugar y trabajar con WordPress. Desde entonces he ido evolucionando y especializ\u00e1ndome en esta herramienta. Hoy en d\u00eda soy un trabajador aut\u00f3nomo y me dedico a la asesor\u00eda y desarrollo web con WordPress; tambi\u00e9n a la formaci\u00f3n en centros como <em>CTA Inaem<\/em>, <em>K\u00fchnel<\/em> o <em>Experts Academy<\/em>. Adem\u00e1s, actualmente ayudo como mentor para otras WordCamp.<\/p>\n<p class=\"p-social-icons wp-block-paragraph\"><a href=\"https:\/\/profiles.wordpress.org\/aekschoko\/\" target=\"_blank\" rel=\"noreferrer noopener\" aria-label=\"\ufffc (abre en una nueva pesta\u00f1a)\"><img data-recalc-dims=\"1\" loading=\"lazy\" decoding=\"async\" width=\"24\" height=\"24\" class=\"wp-image-885\" style=\"width: 24px\" src=\"https:\/\/i0.wp.com\/2020.zaragoza.wordcamp.org\/files\/2019\/10\/wp-org.png?resize=24%2C24&#038;ssl=1\" alt=\"WordPress\"><\/a><a rel=\"noreferrer noopener\" aria-label=\"\ufffc (abre en una nueva pesta\u00f1a)\" href=\"https:\/\/linkedin.com\/in\/agmialdea\" target=\"_blank\"><img data-recalc-dims=\"1\" loading=\"lazy\" decoding=\"async\" width=\"24\" height=\"24\" class=\"wp-image-527\" style=\"width: 24px\" src=\"https:\/\/i0.wp.com\/2020.zaragoza.wordcamp.org\/files\/2019\/10\/linkedin.png?resize=24%2C24&#038;ssl=1\" alt=\"LinkedIn\"><\/a><a rel=\"noreferrer noopener\" aria-label=\"\ufffc (abre en una nueva pesta\u00f1a)\" href=\"https:\/\/twitter.com\/agmialdea\/\" target=\"_blank\"><img data-recalc-dims=\"1\" loading=\"lazy\" decoding=\"async\" width=\"24\" height=\"24\" class=\"wp-image-526\" style=\"width: 24px\" src=\"https:\/\/i0.wp.com\/2020.zaragoza.wordcamp.org\/files\/2019\/10\/twitter-e1572204948511.png?resize=24%2C24&#038;ssl=1\" alt=\"Twitter\"><\/a><\/p>\n<\/div>\t<\/div>\n\n<\/li><li class=\"wordcamp-post-list__post wordcamp-clearfix\">\n<div class=\"wordcamp-organizer wordcamp-organizers__post slug-cesar-frisa\">\n\t<h3 class=\"wordcamp-block__item-title wordcamp-organizers__title\" style=\"text-align:center\">C\u00e9sar Frisa P\u00e9rez<\/h3>\n\t\t\t<div class=\"wordcamp-image__avatar-container align-center\">\n\t\t\t<img decoding=\"async\" src=\"https:\/\/secure.gravatar.com\/avatar\/1b21c2eefc6ee228c19a0d5fb9ceed059bb66f1eaff73b2671ea2c0aa1e9ebfb?s=90&amp;d=mm&amp;r=g\" alt=\"Avatar de C\u00e9sar Frisa P\u00e9rez\" \/>\t\t<\/div>\n\t\n\t\t\t<div class=\"wordcamp-block__item-content wordcamp-organizers__content is-full\"><div style=\"height:20px\" aria-hidden=\"true\" class=\"wp-block-spacer\"><\/div>\n<p class=\"wp-block-paragraph\" style=\"text-align:center\">A los 8 a\u00f1os enredaba con un ZX81 haciendo <em>programicas<\/em>. Ahora implemento, dise\u00f1o y programo sitios web visibles; \u00ab\u00a1En todo el mundo!\u00bb como dice mi hija. Es un trabajo pero sigue siendo un hobby.<\/p>\n<p class=\"wp-block-paragraph\" style=\"text-align:center\">Conoc\u00ed WordPress hace mucho, aunque mi primera WordCamp fue Madrid 2017. Ahora estoy ayudando en la organizaci\u00f3n de WCZGZ. En la comunidad hay gente que vale un mont\u00f3n. Se puede colaborar de mil maneras. \u00a1Busca la tuya! Trabajo en OnSAT; me apoyan y sufragan las WordCamp \u00a1se lo agradezco much\u00edsimo! Tambi\u00e9n agradezco de forma especial a mi mujer e hijos el tiempo que me dejan robarles.<\/p>\n<p class=\"p-social-icons wp-block-paragraph\"><a href=\"https:\/\/profiles.wordpress.org\/cesarfrisa\/\" target=\"_blank\" rel=\"noreferrer noopener\" aria-label=\"\ufffc (abre en una nueva pesta\u00f1a)\"><img data-recalc-dims=\"1\" loading=\"lazy\" decoding=\"async\" width=\"24\" height=\"24\" class=\"wp-image-885\" style=\"width: 24px\" src=\"https:\/\/i0.wp.com\/2020.zaragoza.wordcamp.org\/files\/2019\/10\/wp-org.png?resize=24%2C24&#038;ssl=1\" alt=\"WordPress\"><\/a><a rel=\"noreferrer noopener\" aria-label=\"\ufffc (abre en una nueva pesta\u00f1a)\" href=\"https:\/\/twitter.com\/cesarfrisa\" target=\"_blank\"><img data-recalc-dims=\"1\" loading=\"lazy\" decoding=\"async\" width=\"24\" height=\"24\" class=\"wp-image-526\" style=\"width: 24px\" src=\"https:\/\/i0.wp.com\/2020.zaragoza.wordcamp.org\/files\/2019\/10\/twitter-e1572204948511.png?resize=24%2C24&#038;ssl=1\" alt=\"Twitter\"><\/a><\/p>\n<\/div>\t<\/div>\n\n<\/li><li class=\"wordcamp-post-list__post wordcamp-clearfix\">\n<div class=\"wordcamp-organizer wordcamp-organizers__post slug-chabi-angulo\">\n\t<h3 class=\"wordcamp-block__item-title wordcamp-organizers__title\" style=\"text-align:center\">Chabi Angulo<\/h3>\n\t\t\t<div class=\"wordcamp-image__avatar-container align-center\">\n\t\t\t<img decoding=\"async\" src=\"https:\/\/secure.gravatar.com\/avatar\/da404e3b25283f7b50ed79bbd55246130146c01393661aa2608098edec9c46a3?s=90&amp;d=mm&amp;r=g\" alt=\"Avatar de Chabi Angulo\" \/>\t\t<\/div>\n\t\n\t\t\t<div class=\"wordcamp-block__item-content wordcamp-organizers__content is-full\"><div style=\"height:20px\" aria-hidden=\"true\" class=\"wp-block-spacer\"><\/div>\n<p class=\"wp-block-paragraph\" style=\"text-align:center\">Me gusta escribir y jugar y tengo un programa de radio \u00abForja L\u00fadica\u00bb. Amo el <em>Blues<\/em>.<\/p>\n<p class=\"wp-block-paragraph\" style=\"text-align:center\">Soy desarrollador de p\u00e1ginas web, enamorado de WordPress. Actualmente me encargo del mantenimiento de varias p\u00e1ginas web y tiendas online. Ahora estoy en el proceso de conocer m\u00e1s sobre SEO y estudiando lenguajes de programaci\u00f3n con intenci\u00f3n, siempre, de mejorar y conocer.<\/p>\n<p class=\"p-social-icons wp-block-paragraph\"><a href=\"https:\/\/profiles.wordpress.org\/chabiangulo\/\" target=\"_blank\" rel=\"noreferrer noopener\" aria-label=\"\ufffc (abre en una nueva pesta\u00f1a)\"><img data-recalc-dims=\"1\" loading=\"lazy\" decoding=\"async\" width=\"24\" height=\"24\" class=\"wp-image-885\" style=\"width: 24px\" src=\"https:\/\/i0.wp.com\/2020.zaragoza.wordcamp.org\/files\/2019\/10\/wp-org.png?resize=24%2C24&#038;ssl=1\" alt=\"WordPress\"><\/a><a rel=\"noreferrer noopener\" aria-label=\"\ufffc (abre en una nueva pesta\u00f1a)\" href=\"https:\/\/www.linkedin.com\/in\/chabiangulo\/\" target=\"_blank\"><img data-recalc-dims=\"1\" loading=\"lazy\" decoding=\"async\" width=\"24\" height=\"24\" class=\"wp-image-527\" style=\"width: 24px\" src=\"https:\/\/i0.wp.com\/2020.zaragoza.wordcamp.org\/files\/2019\/10\/linkedin.png?resize=24%2C24&#038;ssl=1\" alt=\"LinkedIn\"><\/a><a rel=\"noreferrer noopener\" aria-label=\"\ufffc (abre en una nueva pesta\u00f1a)\" href=\"https:\/\/twitter.com\/ChabiAngulo\" target=\"_blank\"><img data-recalc-dims=\"1\" loading=\"lazy\" decoding=\"async\" width=\"24\" height=\"24\" class=\"wp-image-526\" style=\"width: 24px\" src=\"https:\/\/i0.wp.com\/2020.zaragoza.wordcamp.org\/files\/2019\/10\/twitter-e1572204948511.png?resize=24%2C24&#038;ssl=1\" alt=\"Twitter\"><\/a><\/p>\n<\/div>\t<\/div>\n\n<\/li><li class=\"wordcamp-post-list__post wordcamp-clearfix\">\n<div class=\"wordcamp-organizer wordcamp-organizers__post slug-nia-gomez\">\n\t<h3 class=\"wordcamp-block__item-title wordcamp-organizers__title\" style=\"text-align:center\">Estefan\u00eda G\u00f3mez (Nia)<\/h3>\n\t\t\t<div class=\"wordcamp-image__avatar-container align-center\">\n\t\t\t<img decoding=\"async\" src=\"https:\/\/secure.gravatar.com\/avatar\/cae6e1c6c1f94ec7b7687372b480e9d466d74e9827d3fbaeb5f1eac083c03862?s=90&amp;d=mm&amp;r=g\" alt=\"Avatar de Estefan\u00eda G\u00f3mez (Nia)\" \/>\t\t<\/div>\n\t\n\t\t\t<div class=\"wordcamp-block__item-content wordcamp-organizers__content is-full\"><div style=\"height:20px\" aria-hidden=\"true\" class=\"wp-block-spacer\"><\/div>\n<p class=\"wp-block-paragraph\" style=\"text-align:center\">Tras m\u00e1s de 10 a\u00f1os como dise\u00f1adora gr\u00e1fica, ilustradora y desarrolladora web, comenc\u00e9 mi formaci\u00f3n en programaci\u00f3n, ya que es una de mis pasiones y hoy trabajo como QA Specialist. <\/p>\n<p class=\"wp-block-paragraph\" style=\"text-align:center\">Mi primera WordCamp fue la Zaragoza 2019, incorpor\u00e1ndome a la mesa de dise\u00f1o. Desde entonces he hecho malabares con el tiempo para poder asistir a otras WordCamp y otros eventos como la Zaragoza Game JAM, Women Techmakers\u2026 sin olvidar las Meetup. Esta ser\u00e1 la primera WordCamp que organizo, <strong>primera mujer Leader Organizer en Espa\u00f1a<\/strong> (\u00a1\u00e1nimo chicas!). Estoy s\u00faper contenta de haber podido conocer gente maravillosa.<\/p>\n<p class=\"p-social-icons wp-block-paragraph\"><a rel=\"noreferrer noopener\" aria-label=\"\ufffc (abre en una nueva pesta\u00f1a)\" href=\"https:\/\/profiles.wordpress.org\/niadsg\/\" target=\"_blank\"><img data-recalc-dims=\"1\" loading=\"lazy\" decoding=\"async\" width=\"24\" height=\"24\" class=\"wp-image-885\" style=\"width: 24px\" src=\"https:\/\/i0.wp.com\/2020.zaragoza.wordcamp.org\/files\/2019\/10\/wp-org.png?resize=24%2C24&#038;ssl=1\" alt=\"WordPress\"><\/a><a href=\"http:\/\/linkedin.com\/in\/estefaniagomezh\/\"><img data-recalc-dims=\"1\" loading=\"lazy\" decoding=\"async\" width=\"24\" height=\"24\" class=\"wp-image-527\" style=\"width: 24px\" src=\"https:\/\/i0.wp.com\/2020.zaragoza.wordcamp.org\/files\/2019\/10\/linkedin.png?resize=24%2C24&#038;ssl=1\" alt=\"LinkedIn\"><\/a><a href=\"http:\/\/twitter.com\/NiaDsg\"><img data-recalc-dims=\"1\" loading=\"lazy\" decoding=\"async\" width=\"24\" height=\"24\" class=\"wp-image-526\" style=\"width: 24px\" src=\"https:\/\/i0.wp.com\/2020.zaragoza.wordcamp.org\/files\/2019\/10\/twitter-e1572204948511.png?resize=24%2C24&#038;ssl=1\" alt=\"Twitter\"><\/a><\/p>\n<\/div>\t<\/div>\n\n<\/li><li class=\"wordcamp-post-list__post wordcamp-clearfix\">\n<div class=\"wordcamp-organizer wordcamp-organizers__post slug-israel-escuer\">\n\t<h3 class=\"wordcamp-block__item-title wordcamp-organizers__title\" style=\"text-align:center\">Israel Escuer<\/h3>\n\t\t\t<div class=\"wordcamp-image__avatar-container align-center\">\n\t\t\t<img decoding=\"async\" src=\"https:\/\/secure.gravatar.com\/avatar\/5b84f22795b463bd1364b159795c18e6a6beb1e9daacc8337bf69d966b623964?s=90&amp;d=mm&amp;r=g\" alt=\"Avatar de Israel Escuer\" \/>\t\t<\/div>\n\t\n\t\t\t<div class=\"wordcamp-block__item-content wordcamp-organizers__content is-full\"><div style=\"height:20px\" aria-hidden=\"true\" class=\"wp-block-spacer\"><\/div>\n<p class=\"wp-block-paragraph\" style=\"text-align:center\">Desarrollador web especializado en WordPress. Trabajo como freelance haciendo webs enteras o desarrollando funcionalidades. Comenc\u00e9 con WordPress en WordCamp Santander 2015; all\u00ed me enamor\u00e9 de la comunidad y del CMS. Esta ser\u00e1 la WordCamp n\u00famero 11 de mi lista. <\/p>\n<p class=\"wp-block-paragraph\" style=\"text-align:center\">Soy un apasionado de las nuevas tecnolog\u00edas y del software libre, sigo form\u00e1ndome cada d\u00eda para llegar a ser un Desarrollador Front End Senior. Me gusta viajar por el mundo y descubrir nuevas culturas junto a mi pareja. Y como muchos ya me conocen: soy el t\u00edo de la Blackberry; s\u00ed, todav\u00eda la defiendo.<\/p>\n<p class=\"p-social-icons wp-block-paragraph\"><a href=\"https:\/\/profiles.wordpress.org\/iescuer\/\" target=\"_blank\" rel=\"noreferrer noopener\" aria-label=\"\ufffc (abre en una nueva pesta\u00f1a)\"><img data-recalc-dims=\"1\" loading=\"lazy\" decoding=\"async\" width=\"24\" height=\"24\" class=\"wp-image-885\" style=\"width: 24px\" src=\"https:\/\/i0.wp.com\/2020.zaragoza.wordcamp.org\/files\/2019\/10\/wp-org.png?resize=24%2C24&#038;ssl=1\" alt=\"WordPress\"><\/a><a rel=\"noreferrer noopener\" aria-label=\"\ufffc (abre en una nueva pesta\u00f1a)\" href=\"https:\/\/www.linkedin.com\/in\/israel-escuer-a73baabb\/\" target=\"_blank\"><img data-recalc-dims=\"1\" loading=\"lazy\" decoding=\"async\" width=\"24\" height=\"24\" class=\"wp-image-527\" style=\"width: 24px\" src=\"https:\/\/i0.wp.com\/2020.zaragoza.wordcamp.org\/files\/2019\/10\/linkedin.png?resize=24%2C24&#038;ssl=1\" alt=\"LinkedIn\"><\/a><a rel=\"noreferrer noopener\" aria-label=\"\ufffc (abre en una nueva pesta\u00f1a)\" href=\"https:\/\/twitter.com\/chicho_zar\" target=\"_blank\"><img data-recalc-dims=\"1\" loading=\"lazy\" decoding=\"async\" width=\"24\" height=\"24\" class=\"wp-image-526\" style=\"width: 24px\" src=\"https:\/\/i0.wp.com\/2020.zaragoza.wordcamp.org\/files\/2019\/10\/twitter-e1572204948511.png?resize=24%2C24&#038;ssl=1\" alt=\"Twitter\"><\/a><\/p>\n<\/div>\t<\/div>\n\n<\/li><li class=\"wordcamp-post-list__post wordcamp-clearfix\">\n<div class=\"wordcamp-organizer wordcamp-organizers__post slug-susana-ibanez\">\n\t<h3 class=\"wordcamp-block__item-title wordcamp-organizers__title\" style=\"text-align:center\">Susana Ib\u00e1\u00f1ez<\/h3>\n\t\t\t<div class=\"wordcamp-image__avatar-container align-center\">\n\t\t\t<img decoding=\"async\" src=\"https:\/\/secure.gravatar.com\/avatar\/16fb1cc5531e83c29c4313e2f70a21bfea087636f171f0a827682f3fd9e84bc5?s=90&amp;d=mm&amp;r=g\" alt=\"Avatar de Susana Ib\u00e1\u00f1ez\" \/>\t\t<\/div>\n\t\n\t\t\t<div class=\"wordcamp-block__item-content wordcamp-organizers__content is-full\"><div style=\"height:20px\" aria-hidden=\"true\" class=\"wp-block-spacer\"><\/div>\n<p class=\"wp-block-paragraph\" style=\"text-align:center\">Llevo 17 a\u00f1os dedic\u00e1ndome profesionalmente a la inform\u00e1tica. Empec\u00e9 mi carrera como programadora de aplicaciones web en Java. Actualmente soy aut\u00f3noma y me he especializado en WordPress y WooCommerce.<\/p>\n<p class=\"wp-block-paragraph\" style=\"text-align:center\">Hace cuatro a\u00f1os empec\u00e9 a asistir a las meetup de WordPress Zaragoza y me encontr\u00e9 con una comunidad muy abierta y colaboradora. En 2018 pidieron voluntarios para la primera WordCamp Zaragoza y no dude en apuntarme. Me lo pas\u00e9 tan bien que repet\u00ed en 2019 y como esto de formar parte de la comunidad engancha, este a\u00f1o estoy como co-organizadora de la WordCamp Zaragoza 2020.<\/p>\n<p class=\"p-social-icons wp-block-paragraph\"><a href=\"https:\/\/profiles.wordpress.org\/shusica\/\" target=\"_blank\" rel=\"noreferrer noopener\" aria-label=\"\ufffc (abre en una nueva pesta\u00f1a)\"><img data-recalc-dims=\"1\" loading=\"lazy\" decoding=\"async\" width=\"24\" height=\"24\" class=\"wp-image-885\" style=\"width: 24px\" src=\"https:\/\/i0.wp.com\/2020.zaragoza.wordcamp.org\/files\/2019\/10\/wp-org.png?resize=24%2C24&#038;ssl=1\" alt=\"WordPress\"><\/a><a rel=\"noreferrer noopener\" aria-label=\"\ufffc (abre en una nueva pesta\u00f1a)\" href=\"https:\/\/twitter.com\/shusica\/\" target=\"_blank\"><img data-recalc-dims=\"1\" loading=\"lazy\" decoding=\"async\" width=\"24\" height=\"24\" class=\"wp-image-526\" style=\"width: 24px\" src=\"https:\/\/i0.wp.com\/2020.zaragoza.wordcamp.org\/files\/2019\/10\/twitter-e1572204948511.png?resize=24%2C24&#038;ssl=1\" alt=\"Twitter\"><\/a><\/p>\n<\/div>\t<\/div>\n\n<\/li><\/ul>\n\n\n<div style=\"height:60px\" aria-hidden=\"true\" class=\"wp-block-spacer\"><\/div>\n\n\n\n<hr class=\"wp-block-separator\" \/>\n\n\n\n<h2 class=\"has-text-align-left wp-block-heading\">Comunicaci\u00f3n &amp; RR.SS.<\/h2>\n\n\n\n<p class=\"has-text-align-left wp-block-paragraph\">Este a\u00f1o queremos potenciar la visibilidad de WordCamp Zaragoza en medios; tanto en redes sociales como en prensa convencional. Junto a <strong>Chabi Angulo<\/strong>, este ser\u00e1 el equipo que nos ayudar\u00e1 a conseguirlo.<\/p>\n\n\n<ul class=\"wordcamp-block wordcamp-post-list has-layout-grid wordcamp-organizers has-small-font-size has-grid-columns-3\"><li class=\"wordcamp-post-list__post wordcamp-clearfix\">\n<div class=\"wordcamp-organizer wordcamp-organizers__post slug-dani-cavero\">\n\t<h3 class=\"wordcamp-block__item-title wordcamp-organizers__title\" style=\"text-align:center\">Dani Cavero<\/h3>\n\t\t\t<div class=\"wordcamp-image__avatar-container align-center\">\n\t\t\t<img decoding=\"async\" src=\"https:\/\/secure.gravatar.com\/avatar\/6bc55a9d16fff43b0b9c4ef938254b15e8ef17f8a6e742495b55669f09b31c01?s=90&amp;d=mm&amp;r=g\" alt=\"Avatar de Dani Cavero\" \/>\t\t<\/div>\n\t\n\t\t\t<div class=\"wordcamp-block__item-content wordcamp-organizers__content is-full\"><div style=\"height:20px\" aria-hidden=\"true\" class=\"wp-block-spacer\"><\/div>\n<p class=\"has-text-align-center wp-block-paragraph\">Experimentado en el sector del <em>call center<\/em>: coordinaci\u00f3n, formaci\u00f3n, puesto en marcha de proyectos. Menta Social: Dedic\u00e1ndonos a cubrir eventos en redes sociales. Experto en Ventas. Master en Marketing Digital en Aula CM. SEO \u2013 SEM | Social Media | Analytics.<\/p>\n<p class=\"p-social-icons wp-block-paragraph\"><a href=\"https:\/\/profiles.wordpress.org\/dkave\/\" target=\"_blank\" rel=\"noreferrer noopener\" aria-label=\"\ufffc (abre en una nueva pesta\u00f1a)\"><img data-recalc-dims=\"1\" loading=\"lazy\" decoding=\"async\" width=\"24\" height=\"24\" class=\"wp-image-885\" style=\"width: 24px\" src=\"https:\/\/i0.wp.com\/2020.zaragoza.wordcamp.org\/files\/2019\/10\/wp-org.png?resize=24%2C24&#038;ssl=1\" alt=\"WordPress\"><\/a><a rel=\"noreferrer noopener\" aria-label=\"\ufffc (abre en una nueva pesta\u00f1a)\" href=\"https:\/\/www.linkedin.com\/in\/danicavero83\/\" target=\"_blank\"><img data-recalc-dims=\"1\" loading=\"lazy\" decoding=\"async\" width=\"24\" height=\"24\" class=\"wp-image-527\" style=\"width: 24px\" src=\"https:\/\/i0.wp.com\/2020.zaragoza.wordcamp.org\/files\/2019\/10\/linkedin.png?resize=24%2C24&#038;ssl=1\" alt=\"LinkedIn\"><\/a><a rel=\"noreferrer noopener\" aria-label=\"\ufffc (abre en una nueva pesta\u00f1a)\" href=\"https:\/\/twitter.com\/danicavero83\" target=\"_blank\"><img data-recalc-dims=\"1\" loading=\"lazy\" decoding=\"async\" width=\"24\" height=\"24\" class=\"wp-image-526\" style=\"width: 24px\" src=\"https:\/\/i0.wp.com\/2020.zaragoza.wordcamp.org\/files\/2019\/10\/twitter-e1572204948511.png?resize=24%2C24&#038;ssl=1\" alt=\"Twitter\"><\/a><\/p>\n<\/div>\t<\/div>\n\n<\/li><li class=\"wordcamp-post-list__post wordcamp-clearfix\">\n<div class=\"wordcamp-organizer wordcamp-organizers__post slug-david-bernia\">\n\t<h3 class=\"wordcamp-block__item-title wordcamp-organizers__title\" style=\"text-align:center\">David Bernia<\/h3>\n\t\t\t<div class=\"wordcamp-image__avatar-container align-center\">\n\t\t\t<img decoding=\"async\" src=\"https:\/\/secure.gravatar.com\/avatar\/e62fbf6a8dc622aa90bd6a6cf808bda8d4d53e9da566f1b63fa738f185b5861d?s=90&amp;d=mm&amp;r=g\" alt=\"Avatar de David Bernia\" \/>\t\t<\/div>\n\t\n\t\t\t<div class=\"wordcamp-block__item-content wordcamp-organizers__content is-full\"><div style=\"height:20px\" aria-hidden=\"true\" class=\"wp-block-spacer\"><\/div>\n<p class=\"has-text-align-center wp-block-paragraph\">Realic\u00e9 un M\u00e1ster en Marketing Digital en Aula CM. Cuento con un Diploma de marketing digital por IAB Spain y un Diploma de comercio electr\u00f3nico por la Escuela de Organizaci\u00f3n Industrial y Red.es. Sigo form\u00e1ndome en Google AdWords, Analytics y SEO.<\/p>\n<p class=\"p-social-icons wp-block-paragraph\"><a href=\"https:\/\/profiles.wordpress.org\/davidbernia\/\" target=\"_blank\" rel=\"noreferrer noopener\" aria-label=\"\ufffc (abre en una nueva pesta\u00f1a)\"><img data-recalc-dims=\"1\" loading=\"lazy\" decoding=\"async\" width=\"24\" height=\"24\" class=\"wp-image-885\" style=\"width: 24px\" src=\"https:\/\/i0.wp.com\/2020.zaragoza.wordcamp.org\/files\/2019\/10\/wp-org.png?resize=24%2C24&#038;ssl=1\" alt=\"WordPress\"><\/a><a rel=\"noreferrer noopener\" aria-label=\" (abre en una nueva pesta\u00f1a)\" href=\"https:\/\/www.linkedin.com\/in\/davidbernia\/\" target=\"_blank\"><img data-recalc-dims=\"1\" loading=\"lazy\" decoding=\"async\" width=\"24\" height=\"24\" class=\"wp-image-527\" style=\"width: 24px\" src=\"https:\/\/i0.wp.com\/2020.zaragoza.wordcamp.org\/files\/2019\/10\/linkedin.png?resize=24%2C24&#038;ssl=1\" alt=\"LinkedIn\"><\/a><a rel=\"noreferrer noopener\" aria-label=\" (abre en una nueva pesta\u00f1a)\" href=\"https:\/\/twitter.com\/davidbernia\/\" target=\"_blank\"><img data-recalc-dims=\"1\" loading=\"lazy\" decoding=\"async\" width=\"24\" height=\"24\" class=\"wp-image-526\" style=\"width: 24px\" src=\"https:\/\/i0.wp.com\/2020.zaragoza.wordcamp.org\/files\/2019\/10\/twitter-e1572204948511.png?resize=24%2C24&#038;ssl=1\" alt=\"Twitter\"><\/a><\/p>\n<\/div>\t<\/div>\n\n<\/li><li class=\"wordcamp-post-list__post wordcamp-clearfix\">\n<div class=\"wordcamp-organizer wordcamp-organizers__post slug-marco-misiego\">\n\t<h3 class=\"wordcamp-block__item-title wordcamp-organizers__title\" style=\"text-align:center\">Marco Misiego<\/h3>\n\t\t\t<div class=\"wordcamp-image__avatar-container align-center\">\n\t\t\t<img decoding=\"async\" src=\"https:\/\/secure.gravatar.com\/avatar\/4faf87a4303fe5b972b60794bc3083a01a99ac474faba010024397f27a8c15e6?s=90&amp;d=mm&amp;r=g\" alt=\"Avatar de Marco Misiego\" \/>\t\t<\/div>\n\t\n\t\t\t<div class=\"wordcamp-block__item-content wordcamp-organizers__content is-full\"><div style=\"height:20px\" aria-hidden=\"true\" class=\"wp-block-spacer\"><\/div>\n<p class=\"has-text-align-center wp-block-paragraph\">Consultor de Marketing Digital, especializado en estrategias digitales: Creaci\u00f3n y desarrollo de un plan de marketing digital, creaci\u00f3n de contenidos, Community Manager, maquetador WordPress. Emprendedor en 3 ocasiones, me encantan los nuevos retos y disfruto con ellos.<\/p>\n<p class=\"p-social-icons wp-block-paragraph\"><a href=\"https:\/\/profiles.wordpress.org\/marcomisiego\/\" target=\"_blank\" rel=\"noreferrer noopener\" aria-label=\"\ufffc (abre en una nueva pesta\u00f1a)\"><img data-recalc-dims=\"1\" loading=\"lazy\" decoding=\"async\" width=\"24\" height=\"24\" class=\"wp-image-885\" style=\"width: 24px\" src=\"https:\/\/i0.wp.com\/2020.zaragoza.wordcamp.org\/files\/2019\/10\/wp-org.png?resize=24%2C24&#038;ssl=1\" alt=\"WordPress\"><\/a><a rel=\"noreferrer noopener\" aria-label=\"\ufffc (abre en una nueva pesta\u00f1a)\" href=\"https:\/\/www.linkedin.com\/in\/marcomisiego\/\" target=\"_blank\"><img data-recalc-dims=\"1\" loading=\"lazy\" decoding=\"async\" width=\"24\" height=\"24\" class=\"wp-image-527\" style=\"width: 24px\" src=\"https:\/\/i0.wp.com\/2020.zaragoza.wordcamp.org\/files\/2019\/10\/linkedin.png?resize=24%2C24&#038;ssl=1\" alt=\"LinkedIn\"><\/a><a rel=\"noreferrer noopener\" aria-label=\"\ufffc (abre en una nueva pesta\u00f1a)\" href=\"https:\/\/twitter.com\/YariMisiego\/\" target=\"_blank\"><img data-recalc-dims=\"1\" loading=\"lazy\" decoding=\"async\" width=\"24\" height=\"24\" class=\"wp-image-526\" style=\"width: 24px\" src=\"https:\/\/i0.wp.com\/2020.zaragoza.wordcamp.org\/files\/2019\/10\/twitter-e1572204948511.png?resize=24%2C24&#038;ssl=1\" alt=\"Twitter\"><\/a><\/p>\n<\/div>\t<\/div>\n\n<\/li><\/ul>\n\n\n<div style=\"height:60px\" aria-hidden=\"true\" class=\"wp-block-spacer\"><\/div>\n\n\n\n<hr class=\"wp-block-separator\" \/>\n\n\n\n<h2 class=\"has-text-align-left wp-block-heading\">Equipo audiovisual<\/h2>\n\n\n\n<p class=\"has-text-align-left wp-block-paragraph\">Repetimos, como en ediciones anteriores, con t\u00e9cnicos audiovisuales y fot\u00f3grafos especializados que nos ayudar\u00e1n durante el evento a plasmar el transcurso del evento, el buen rollo y cada una de las actividades que realicemos.<\/p>\n\n\n<ul class=\"wordcamp-block wordcamp-post-list has-layout-grid wordcamp-organizers has-grid-columns-2\"><li class=\"wordcamp-post-list__post wordcamp-clearfix\">\n<div class=\"wordcamp-organizer wordcamp-organizers__post slug-alfredo-piqueras\">\n\t<h3 class=\"wordcamp-block__item-title wordcamp-organizers__title\" style=\"text-align:center\">Alfredo Piqueras<\/h3>\n\t\n\t\t\t<div class=\"wordcamp-block__item-content wordcamp-organizers__content is-full\"><div class=\"wp-block-image img-redonda\">\n<figure class=\"aligncenter is-resized\"><img data-recalc-dims=\"1\" loading=\"lazy\" decoding=\"async\" src=\"https:\/\/i0.wp.com\/2020.zaragoza.wordcamp.org\/files\/2019\/10\/fredipl.jpg?resize=90%2C90&#038;ssl=1\" alt=\"Alfredo Piqueras\" class=\"wp-image-918\" width=\"90\" height=\"90\" srcset=\"https:\/\/i0.wp.com\/zaragoza.wordcamp.org\/2020\/files\/2019\/10\/fredipl.jpg?w=180&amp;ssl=1 180w, https:\/\/i0.wp.com\/zaragoza.wordcamp.org\/2020\/files\/2019\/10\/fredipl.jpg?resize=150%2C150&amp;ssl=1 150w\" sizes=\"auto, (max-width: 90px) 85vw, 90px\" \/><\/figure>\n<\/div>\n<p style=\"text-align:center\" class=\"has-small-font-size wp-block-paragraph\">Trabajo como aut\u00f3nomo desde 2006 en mi proyecto personal, <em>Espacio Creativo<\/em>. Me dedico fundamentalmente al desarrollo de p\u00e1ginas web y trabajos de imagen corporativa. Y ahora apostando fuerte por el marketing online y la fotograf\u00eda, sin parar de aprender.<\/p>\n<p class=\"p-social-icons wp-block-paragraph\"><a href=\"https:\/\/profiles.wordpress.org\/fredipl\/\" target=\"_blank\" rel=\"noreferrer noopener\" aria-label=\"\ufffc (abre en una nueva pesta\u00f1a)\"><img data-recalc-dims=\"1\" decoding=\"async\" class=\"wp-image-864\" style=\"width: 24px\" src=\"https:\/\/i0.wp.com\/2020.zaragoza.wordcamp.org\/files\/2019\/10\/wp-org.png?w=840&#038;ssl=1\" alt=\"WordPress\"><\/a><a rel=\"noreferrer noopener\" aria-label=\"\ufffc (abre en una nueva pesta\u00f1a)\" href=\"https:\/\/www.instagram.com\/alfredopl\/\" target=\"_blank\"><img data-recalc-dims=\"1\" loading=\"lazy\" decoding=\"async\" width=\"24\" height=\"24\" class=\"wp-image-846\" style=\"width: 24px\" src=\"https:\/\/i0.wp.com\/2020.zaragoza.wordcamp.org\/files\/2019\/10\/instagram.png?resize=24%2C24&#038;ssl=1\" alt=\"Instagram\"><\/a><a rel=\"noreferrer noopener\" aria-label=\"(abre en una nueva pesta\u00f1a)\" href=\"https:\/\/twitter.com\/alfredopiqueras\" target=\"_blank\"><img data-recalc-dims=\"1\" loading=\"lazy\" decoding=\"async\" width=\"24\" height=\"24\" class=\"wp-image-526\" style=\"width: 24px\" src=\"https:\/\/i0.wp.com\/2020.zaragoza.wordcamp.org\/files\/2019\/10\/twitter-e1572204948511.png?resize=24%2C24&#038;ssl=1\" alt=\"Twitter\"><\/a><\/p>\n<\/div>\t<\/div>\n\n<\/li><li class=\"wordcamp-post-list__post wordcamp-clearfix\">\n<div class=\"wordcamp-organizer wordcamp-organizers__post slug-anabel-perez\">\n\t<h3 class=\"wordcamp-block__item-title wordcamp-organizers__title\" style=\"text-align:center\">Anabel P\u00e9rez<\/h3>\n\t\n\t\t\t<div class=\"wordcamp-block__item-content wordcamp-organizers__content is-full\"><div class=\"wp-block-image img-redonda\">\n<figure class=\"aligncenter is-resized\"><img data-recalc-dims=\"1\" loading=\"lazy\" decoding=\"async\" src=\"https:\/\/i0.wp.com\/2020.zaragoza.wordcamp.org\/files\/2019\/10\/anabelperezh.jpg?resize=90%2C90&#038;ssl=1\" alt=\"Anabel P\u00e9rez\" class=\"wp-image-916\" width=\"90\" height=\"90\" srcset=\"https:\/\/i0.wp.com\/zaragoza.wordcamp.org\/2020\/files\/2019\/10\/anabelperezh.jpg?w=180&amp;ssl=1 180w, https:\/\/i0.wp.com\/zaragoza.wordcamp.org\/2020\/files\/2019\/10\/anabelperezh.jpg?resize=150%2C150&amp;ssl=1 150w\" sizes=\"auto, (max-width: 90px) 85vw, 90px\" \/><\/figure>\n<\/div>\n<p style=\"text-align:center\" class=\"has-small-font-size wp-block-paragraph\">Gestora de contenidos y Fot\u00f3grafa de p\u00e1ginas web y redes sociales. Este a\u00f1o he ganado el 1<sup>er<\/sup> premio en el Concurso de Fotograf\u00eda Digital 2019 de la CHE y el 2\u00ba premio en el \u00abCapture the Moon\u00bb del IEEC. He publicado en Xataka, Zaragoza Heavy, \u2026<\/p>\n<p class=\"p-social-icons wp-block-paragraph\"><a rel=\"noreferrer noopener\" aria-label=\"\ufffc (abre en una nueva pesta\u00f1a)\" href=\"https:\/\/profiles.wordpress.org\/anabelperezh\/\" target=\"_blank\"><img data-recalc-dims=\"1\" decoding=\"async\" class=\"wp-image-864\" style=\"width: 24px\" src=\"https:\/\/i0.wp.com\/2020.zaragoza.wordcamp.org\/files\/2019\/10\/wp-org.png?w=840&#038;ssl=1\" alt=\"WordPress\"><\/a><a href=\"https:\/\/www.pinterest.es\/anabelperezh\/\" target=\"_blank\" rel=\"noreferrer noopener\" aria-label=\"\ufffc (abre en una nueva pesta\u00f1a)\"><img data-recalc-dims=\"1\" loading=\"lazy\" decoding=\"async\" width=\"24\" height=\"24\" class=\"wp-image-881\" style=\"width: 24px\" src=\"https:\/\/i0.wp.com\/2020.zaragoza.wordcamp.org\/files\/2019\/10\/pinterest.png?resize=24%2C24&#038;ssl=1\" alt=\"Pinterest\"><\/a><a rel=\"noreferrer noopener\" aria-label=\"(abre en una nueva pesta\u00f1a)\" href=\"https:\/\/www.instagram.com\/anabelperezh\/\" target=\"_blank\"><img data-recalc-dims=\"1\" decoding=\"async\" class=\"wp-image-527\" style=\"width: 24px\" src=\"https:\/\/i0.wp.com\/2020.zaragoza.wordcamp.org\/files\/2019\/10\/instagram.png?w=840&#038;ssl=1\" alt=\"Instagram\"><\/a><a rel=\"noreferrer noopener\" aria-label=\"(abre en una nueva pesta\u00f1a)\" href=\"https:\/\/twitter.com\/anabelperezh\" target=\"_blank\"><img data-recalc-dims=\"1\" loading=\"lazy\" decoding=\"async\" width=\"24\" height=\"24\" class=\"wp-image-526\" style=\"width: 24px\" src=\"https:\/\/i0.wp.com\/2020.zaragoza.wordcamp.org\/files\/2019\/10\/twitter-e1572204948511.png?resize=24%2C24&#038;ssl=1\" alt=\"Twitter\"><\/a><\/p>\n<p class=\"wp-block-paragraph\">\n<\/div>\t<\/div>\n\n<\/li><li class=\"wordcamp-post-list__post wordcamp-clearfix\">\n<div class=\"wordcamp-organizer wordcamp-organizers__post slug-hector-asensio\">\n\t<h3 class=\"wordcamp-block__item-title wordcamp-organizers__title\" style=\"text-align:center\">H\u00e9ctor Asensio<\/h3>\n\t\n\t\t\t<div class=\"wordcamp-block__item-content wordcamp-organizers__content is-full\"><div class=\"wp-block-image is-style-default\">\n<figure class=\"aligncenter size-full\"><img data-recalc-dims=\"1\" loading=\"lazy\" decoding=\"async\" width=\"90\" height=\"90\" src=\"https:\/\/i0.wp.com\/zaragoza.wordcamp.org\/2020\/files\/2021\/09\/asensiohector.jpg?resize=90%2C90&#038;ssl=1\" alt=\"\" class=\"wp-image-5403\" \/><\/figure>\n<\/div>\n<p class=\"has-text-align-center has-small-font-size wp-block-paragraph\">Desde que finalic\u00e9 mis estudios, he trabajado principalmente en el dise\u00f1o y ejecuci\u00f3n de acciones publicitarias en v\u00eddeo, dise\u00f1o multimedia y t\u00e9cnico audiovisual desde su propia empresa: <a rel=\"noreferrer noopener\" href=\"https:\/\/serotoninafilms.es\" data-type=\"URL\" data-id=\"https:\/\/serotoninafilms.es\" target=\"_blank\">Serotonina\u00a0Films<\/a>, adem\u00e1s de fundador y organizador de Congreso Web y m\u00e1s de una decena de diferentes eventos. Encuentro en el cine y el arte el sentido a mi d\u00eda a d\u00eda y a la vida misma.<\/p>\n<p class=\"p-social-icons wp-block-paragraph\"><a href=\"https:\/\/profiles.wordpress.org\/asensiohector\/\" target=\"_blank\" rel=\"noreferrer noopener\"><img data-recalc-dims=\"1\" loading=\"lazy\" decoding=\"async\" width=\"24\" height=\"24\" class=\"wp-image-885\" style=\"width: 24px\" src=\"https:\/\/i0.wp.com\/2020.zaragoza.wordcamp.org\/files\/2019\/10\/wp-org.png?resize=24%2C24&#038;ssl=1\" alt=\"WordPress\"><\/a><a rel=\"noreferrer noopener\" href=\"https:\/\/instagram.com\/asensiohector\/\" target=\"_blank\"><img data-recalc-dims=\"1\" decoding=\"async\" class=\"wp-image-526\" style=\"width: 24px\" src=\"https:\/\/i0.wp.com\/zaragoza.wordcamp.org\/2020\/files\/2019\/10\/instagram.png?w=840&#038;ssl=1\" alt=\"Instagram\"><\/a><\/p>\n<\/div>\t<\/div>\n\n<\/li><li class=\"wordcamp-post-list__post wordcamp-clearfix\">\n<div class=\"wordcamp-organizer wordcamp-organizers__post slug-hector-izquierdo\">\n\t<h3 class=\"wordcamp-block__item-title wordcamp-organizers__title\" style=\"text-align:center\">H\u00e9ctor Izquierdo<\/h3>\n\t\n\t\t\t<div class=\"wordcamp-block__item-content wordcamp-organizers__content is-full\"><div class=\"wp-block-image img-redonda\">\n<figure class=\"aligncenter size-large is-resized\"><img data-recalc-dims=\"1\" loading=\"lazy\" decoding=\"async\" src=\"https:\/\/i0.wp.com\/2020.zaragoza.wordcamp.org\/files\/2019\/12\/HectorIzquierdoBartoli_180.jpg?resize=90%2C90&#038;ssl=1\" alt=\"\" class=\"wp-image-2084\" width=\"90\" height=\"90\" srcset=\"https:\/\/i0.wp.com\/zaragoza.wordcamp.org\/2020\/files\/2019\/12\/HectorIzquierdoBartoli_180.jpg?w=180&amp;ssl=1 180w, https:\/\/i0.wp.com\/zaragoza.wordcamp.org\/2020\/files\/2019\/12\/HectorIzquierdoBartoli_180.jpg?resize=150%2C150&amp;ssl=1 150w\" sizes=\"auto, (max-width: 90px) 85vw, 90px\" \/><\/figure>\n<\/div>\n<p class=\"has-small-font-size has-text-align-center wp-block-paragraph\">Apasionado de la fotograf\u00eda de paisaje, producto y reportaje. Adentr\u00e1ndome en el universo WordPress y en el mundo SEO, en continua fase de aprendizaje. Esta va a ser mi primera WordCamp y algo me dice que ser\u00e1 la primera de muchas.<\/p>\n<p class=\"p-social-icons wp-block-paragraph\"><a href=\"https:\/\/profiles.wordpress.org\/hectoriz\/\" target=\"_blank\" rel=\"noreferrer noopener\" aria-label=\"\ufffc (abre en una nueva pesta\u00f1a)\"><img data-recalc-dims=\"1\" decoding=\"async\" class=\"wp-image-864\" style=\"width: 24px\" src=\"https:\/\/i0.wp.com\/2020.zaragoza.wordcamp.org\/files\/2019\/10\/wp-org.png?w=840&#038;ssl=1\" alt=\"WordPress\"><\/a><a rel=\"noreferrer noopener\" aria-label=\"\ufffc (abre en una nueva pesta\u00f1a)\" href=\"https:\/\/www.linkedin.com\/in\/hectorizquierdobartoli\/\" target=\"_blank\"><img data-recalc-dims=\"1\" loading=\"lazy\" decoding=\"async\" width=\"24\" height=\"24\" class=\"wp-image-527\" style=\"width: 24px\" src=\"https:\/\/i0.wp.com\/2020.zaragoza.wordcamp.org\/files\/2019\/10\/linkedin.png?resize=24%2C24&#038;ssl=1\" alt=\"LinkedIn\"><\/a><a rel=\"noreferrer noopener\" aria-label=\"\ufffc (abre en una nueva pesta\u00f1a)\" href=\"https:\/\/www.instagram.com\/hectoriz\/\" target=\"_blank\"><img data-recalc-dims=\"1\" loading=\"lazy\" decoding=\"async\" width=\"24\" height=\"24\" class=\"wp-image-846\" style=\"width: 24px\" src=\"https:\/\/i0.wp.com\/2020.zaragoza.wordcamp.org\/files\/2019\/10\/instagram.png?resize=24%2C24&#038;ssl=1\" alt=\"Instagram\"><\/a><a rel=\"noreferrer noopener\" aria-label=\"(abre en una nueva pesta\u00f1a)\" href=\"https:\/\/twitter.com\/hectoriz\" target=\"_blank\"><img data-recalc-dims=\"1\" loading=\"lazy\" decoding=\"async\" width=\"24\" height=\"24\" class=\"wp-image-526\" style=\"width: 24px\" src=\"https:\/\/i0.wp.com\/2020.zaragoza.wordcamp.org\/files\/2019\/10\/twitter-e1572204948511.png?resize=24%2C24&#038;ssl=1\" alt=\"Twitter\"><\/a><\/p>\n<\/div>\t<\/div>\n\n<\/li><\/ul>\n\n\n<div style=\"height:60px\" aria-hidden=\"true\" class=\"wp-block-spacer\"><\/div>\n\n\n\n<hr class=\"wp-block-separator\" \/>\n\n\n\n<h2 class=\"has-text-align-left wp-block-heading\">Voluntarios<\/h2>\n\n\n\n<p class=\"wp-block-paragraph\">Os presentamos al equipo de voluntarios que har\u00e1 posible que el d\u00eda de la WordCamp Zaragoza todo funcione, sin su trabajo, entusiasmo y colaboraci\u00f3n no ser\u00eda posible. <\/p>\n\n\n<ul class=\"wordcamp-block wordcamp-post-list has-layout-grid wordcamp-organizers has-grid-columns-3\"><li class=\"wordcamp-post-list__post wordcamp-clearfix\">\n<div class=\"wordcamp-organizer wordcamp-organizers__post slug-cristina-ventura\">\n\t<h3 class=\"wordcamp-block__item-title wordcamp-organizers__title\" style=\"text-align:center\">Cristina Ventura<\/h3>\n\t\n\t\t\t<div class=\"wordcamp-block__item-content wordcamp-organizers__content is-full\"><div class=\"wp-block-image img-redonda\">\n<figure class=\"aligncenter size-large is-resized\"><img data-recalc-dims=\"1\" loading=\"lazy\" decoding=\"async\" src=\"https:\/\/i0.wp.com\/2020.zaragoza.wordcamp.org\/files\/2019\/12\/cristina180.jpg?resize=90%2C90&#038;ssl=1\" alt=\"Cristina Ventura\" class=\"wp-image-2132\" width=\"90\" height=\"90\" srcset=\"https:\/\/i0.wp.com\/zaragoza.wordcamp.org\/2020\/files\/2019\/12\/cristina180.jpg?w=180&amp;ssl=1 180w, https:\/\/i0.wp.com\/zaragoza.wordcamp.org\/2020\/files\/2019\/12\/cristina180.jpg?resize=150%2C150&amp;ssl=1 150w\" sizes=\"auto, (max-width: 90px) 85vw, 90px\" \/><\/figure>\n<\/div>\n<p class=\"has-text-align-center has-small-font-size wp-block-paragraph\">Ma\u00f1a desde hace veinticuatro primaveras. Estudio Ingenier\u00eda Inform\u00e1tica en UNIZAR. Tambi\u00e9n soy t\u00e9cnico superior en Desarrollo de Aplicaciones Multiplataforma. Me ha inquietado la tecnolog\u00eda desde peque\u00f1a. Algunas de mis aficiones ajenas a los ordenadores son la lectura, el senderismo y la historia. Tambi\u00e9n estoy implicada con mi facultad y fuera de ella en el cumplimiento de la Agenda 2030.<\/p>\n<p class=\"p-social-icons wp-block-paragraph\"><a href=\"https:\/\/profiles.wordpress.org\/mcristinav\/\" target=\"_blank\" rel=\"noreferrer noopener\" aria-label=\"\ufffc (abre en una nueva pesta\u00f1a)\"><img data-recalc-dims=\"1\" decoding=\"async\" class=\"wp-image-864\" style=\"width: 24px\" src=\"https:\/\/i0.wp.com\/2020.zaragoza.wordcamp.org\/files\/2019\/10\/wp-org.png?w=840&#038;ssl=1\" alt=\"WordPress\"><\/a><a rel=\"noreferrer noopener\" aria-label=\"\ufffc (abre en una nueva pesta\u00f1a)\" href=\"https:\/\/twitter.com\/mcristinavio\/\" target=\"_blank\"><img data-recalc-dims=\"1\" loading=\"lazy\" decoding=\"async\" width=\"24\" height=\"24\" class=\"wp-image-526\" style=\"width: 24px\" src=\"https:\/\/i0.wp.com\/2020.zaragoza.wordcamp.org\/files\/2019\/10\/twitter-e1572204948511.png?resize=24%2C24&#038;ssl=1\" alt=\"Twitter\"><\/a><\/p>\n<\/div>\t<\/div>\n\n<\/li><li class=\"wordcamp-post-list__post wordcamp-clearfix\">\n<div class=\"wordcamp-organizer wordcamp-organizers__post slug-georgi-dimitrov-ivanov\">\n\t<h3 class=\"wordcamp-block__item-title wordcamp-organizers__title\" style=\"text-align:center\">Georgi Ivanov<\/h3>\n\t\n\t\t\t<div class=\"wordcamp-block__item-content wordcamp-organizers__content is-full\"><div class=\"wp-block-image img-redonda\">\n<figure class=\"aligncenter size-large is-resized\"><img data-recalc-dims=\"1\" loading=\"lazy\" decoding=\"async\" src=\"https:\/\/i0.wp.com\/2020.zaragoza.wordcamp.org\/files\/2020\/02\/WhatsApp-Image-2020-01-17-at-00.01.37-1.jpeg?resize=90%2C90&#038;ssl=1\" alt=\"Georgi Dimitrov Ivanov\" class=\"wp-image-3432\" width=\"90\" height=\"90\" srcset=\"https:\/\/i0.wp.com\/zaragoza.wordcamp.org\/2020\/files\/2020\/02\/WhatsApp-Image-2020-01-17-at-00.01.37-1.jpeg?w=200&amp;ssl=1 200w, https:\/\/i0.wp.com\/zaragoza.wordcamp.org\/2020\/files\/2020\/02\/WhatsApp-Image-2020-01-17-at-00.01.37-1.jpeg?resize=150%2C150&amp;ssl=1 150w\" sizes=\"auto, (max-width: 90px) 85vw, 90px\" \/><\/figure>\n<\/div>\n<p class=\"has-text-align-center has-small-font-size wp-block-paragraph\">Soy ingeniero t\u00e9rmico y nuclear, FP &#8211; Equipos de telecomunicaciones, sigo aumentando mis conocimientos de programaci\u00f3n y lo que verdaderamente me apasiona es la ciberseguridad. He conocido a gente maravillosa de la comunidad de WordPress. Esta va a ser mi primera WordCamp y primera como voluntario &#8211; (\u00a1\u00e1nimo!), con la certeza de que vivir\u00e9 muchas m\u00e1s. \u00a1Aprender es vivir! :-)<\/p>\n<p class=\"p-social-icons wp-block-paragraph\"><a href=\"https:\/\/profiles.wordpress.org\/g30rg318\/\" target=\"_blank\" rel=\"noreferrer noopener\" aria-label=\"\ufffc (abre en una nueva pesta\u00f1a)\"><img data-recalc-dims=\"1\" loading=\"lazy\" decoding=\"async\" width=\"24\" height=\"24\" class=\"wp-image-885\" style=\"width: 24px\" src=\"https:\/\/i0.wp.com\/2020.zaragoza.wordcamp.org\/files\/2019\/10\/wp-org.png?resize=24%2C24&#038;ssl=1\" alt=\"WordPress\"><\/a><a rel=\"noreferrer noopener\" aria-label=\"\ufffc (abre en una nueva pesta\u00f1a)\" href=\"https:\/\/www.linkedin.com\/in\/georgi-dimitrov-ivanov-755631191\/\" target=\"_blank\"><img data-recalc-dims=\"1\" loading=\"lazy\" decoding=\"async\" width=\"24\" height=\"24\" class=\"wp-image-527\" style=\"width: 24px\" src=\"https:\/\/i0.wp.com\/2020.zaragoza.wordcamp.org\/files\/2019\/10\/linkedin.png?resize=24%2C24&#038;ssl=1\" alt=\"LinkedIn\"><\/a><a rel=\"noreferrer noopener\" aria-label=\"\ufffc (abre en una nueva pesta\u00f1a)\" href=\"https:\/\/twitter.com\/G30rg318\" target=\"_blank\"><img data-recalc-dims=\"1\" loading=\"lazy\" decoding=\"async\" width=\"24\" height=\"24\" class=\"wp-image-526\" style=\"width: 24px\" src=\"https:\/\/i0.wp.com\/2020.zaragoza.wordcamp.org\/files\/2019\/10\/twitter-e1572204948511.png?resize=24%2C24&#038;ssl=1\" alt=\"Twitter\"><\/a><\/p>\n<\/div>\t<\/div>\n\n<\/li><li class=\"wordcamp-post-list__post wordcamp-clearfix\">\n<div class=\"wordcamp-organizer wordcamp-organizers__post slug-ilie-florea\">\n\t<h3 class=\"wordcamp-block__item-title wordcamp-organizers__title\" style=\"text-align:center\">Ilie Florea<\/h3>\n\t\n\t\t\t<div class=\"wordcamp-block__item-content wordcamp-organizers__content is-full\"><div class=\"wp-block-image img-redonda\">\n<figure class=\"aligncenter size-large is-resized\"><img data-recalc-dims=\"1\" loading=\"lazy\" decoding=\"async\" src=\"https:\/\/i0.wp.com\/2020.zaragoza.wordcamp.org\/files\/2020\/01\/48a2f9b9c5f5f64fd9ac31bb4221db88.jpeg?resize=90%2C90&#038;ssl=1\" alt=\"Ilie Florea\" class=\"wp-image-2514\" width=\"90\" height=\"90\" \/><\/figure>\n<\/div>\n<p class=\"has-text-align-center has-small-font-size wp-block-paragraph\">Soy Ilie Florea, un amante de la la m\u00fasica&nbsp;electr\u00f3nica la tecnolog\u00eda y el&nbsp;desarrollo web. Trabajo en una empresa como (junior) full stack developer. Me gusta lo que hago y sobre todo me gusta aprender y compartir.&nbsp;<br \/>Fui&nbsp;voluntario en la WordCamp Zaragoza 2019 y me gusto mucho la experiencia, as\u00ed que decid\u00ed repetir este a\u00f1o. \u00a1Nos vemos en la WordCamp!<\/p>\n<p class=\"p-social-icons wp-block-paragraph\"><a href=\"https:\/\/profiles.wordpress.org\/ilieflorea\/\" target=\"_blank\" rel=\"noreferrer noopener\" aria-label=\"\ufffc (abre en una nueva pesta\u00f1a)\"><img data-recalc-dims=\"1\" loading=\"lazy\" decoding=\"async\" width=\"24\" height=\"24\" class=\"wp-image-885\" style=\"width: 24px\" src=\"https:\/\/i0.wp.com\/2020.zaragoza.wordcamp.org\/files\/2019\/10\/wp-org.png?resize=24%2C24&#038;ssl=1\" alt=\"WordPress\"><\/a><a rel=\"noreferrer noopener\" aria-label=\"\ufffc (abre en una nueva pesta\u00f1a)\" href=\"https:\/\/twitter.com\/IlieFlorea\/\" target=\"_blank\"><img data-recalc-dims=\"1\" loading=\"lazy\" decoding=\"async\" width=\"24\" height=\"24\" class=\"wp-image-526\" style=\"width: 24px\" src=\"https:\/\/i0.wp.com\/2020.zaragoza.wordcamp.org\/files\/2019\/10\/twitter-e1572204948511.png?resize=24%2C24&#038;ssl=1\" alt=\"Twitter\"><\/a><\/p>\n<\/div>\t<\/div>\n\n<\/li><li class=\"wordcamp-post-list__post wordcamp-clearfix\">\n<div class=\"wordcamp-organizer wordcamp-organizers__post slug-inmaculada-barcenilla\">\n\t<h3 class=\"wordcamp-block__item-title wordcamp-organizers__title\" style=\"text-align:center\">Inmaculada Barcenilla<\/h3>\n\t\n\t\t\t<div class=\"wordcamp-block__item-content wordcamp-organizers__content is-full\"><div class=\"wp-block-image img-redonda\">\n<figure class=\"aligncenter size-large is-resized\"><img data-recalc-dims=\"1\" loading=\"lazy\" decoding=\"async\" src=\"https:\/\/i0.wp.com\/2020.zaragoza.wordcamp.org\/files\/2019\/12\/inmaculadabarcenilla_180.jpg?resize=90%2C90&#038;ssl=1\" alt=\"Cuky Barcenilla\" class=\"wp-image-2130\" width=\"90\" height=\"90\" srcset=\"https:\/\/i0.wp.com\/zaragoza.wordcamp.org\/2020\/files\/2019\/12\/inmaculadabarcenilla_180.jpg?w=180&amp;ssl=1 180w, https:\/\/i0.wp.com\/zaragoza.wordcamp.org\/2020\/files\/2019\/12\/inmaculadabarcenilla_180.jpg?resize=150%2C150&amp;ssl=1 150w\" sizes=\"auto, (max-width: 90px) 85vw, 90px\" \/><\/figure>\n<\/div>\n<p class=\"has-text-align-center has-small-font-size wp-block-paragraph\">Ge\u00f3grafa, maker y ahora wordpressadicta.&nbsp;Aprendiz de todo y maestra de nada.&nbsp;Entre amigos me llaman Cuky.<\/p>\n<p class=\"p-social-icons wp-block-paragraph\"><a href=\"https:\/\/profiles.wordpress.org\/barceroy\/\" target=\"_blank\" rel=\"noreferrer noopener\" aria-label=\"\ufffc (abre en una nueva pesta\u00f1a)\"><img data-recalc-dims=\"1\" decoding=\"async\" class=\"wp-image-864\" style=\"width: 24px\" src=\"https:\/\/i0.wp.com\/2020.zaragoza.wordcamp.org\/files\/2019\/10\/wp-org.png?w=840&#038;ssl=1\" alt=\"WordPress\"><\/a><a rel=\"noreferrer noopener\" aria-label=\"\ufffc (abre en una nueva pesta\u00f1a)\" href=\"https:\/\/twitter.com\/LookAtMePl_\/\" target=\"_blank\"><img data-recalc-dims=\"1\" loading=\"lazy\" decoding=\"async\" width=\"24\" height=\"24\" class=\"wp-image-526\" style=\"width: 24px\" src=\"https:\/\/i0.wp.com\/2020.zaragoza.wordcamp.org\/files\/2019\/10\/twitter-e1572204948511.png?resize=24%2C24&#038;ssl=1\" alt=\"Twitter\"><\/a><\/p>\n<\/div>\t<\/div>\n\n<\/li><li class=\"wordcamp-post-list__post wordcamp-clearfix\">\n<div class=\"wordcamp-organizer wordcamp-organizers__post slug-irene-alcaine\">\n\t<h3 class=\"wordcamp-block__item-title wordcamp-organizers__title\" style=\"text-align:center\">Irene Alcaine<\/h3>\n\t\n\t\t\t<div class=\"wordcamp-block__item-content wordcamp-organizers__content is-full\"><div class=\"wp-block-image img-redonda\">\n<figure class=\"aligncenter size-large is-resized\"><img data-recalc-dims=\"1\" loading=\"lazy\" decoding=\"async\" src=\"https:\/\/i0.wp.com\/2020.zaragoza.wordcamp.org\/files\/2020\/01\/b86c06816fe4086378c1f27974103a3c.png?resize=90%2C90&#038;ssl=1\" alt=\"\" class=\"wp-image-2518\" width=\"90\" height=\"90\" \/><\/figure>\n<\/div>\n<p class=\"has-text-align-center has-small-font-size wp-block-paragraph\">Descubr\u00ed el Marketing Digital en el Postgrado que realic\u00e9 y desde entonces he sabido que quer\u00eda dedicarme a ello, hacer de mi hobby mi profesi\u00f3n. Manejo tanto WordPress como PrestaShop y me encanta dise\u00f1ar, optimizar y promocionar negocios online. Asist\u00ed a la primera WordCamp Zaragoza, pero esta es mi primera vez como voluntaria.<\/p>\n<p class=\"p-social-icons wp-block-paragraph\"><a href=\"https:\/\/profiles.wordpress.org\/ialcaine\/\" target=\"_blank\" rel=\"noreferrer noopener\" aria-label=\"\ufffc (abre en una nueva pesta\u00f1a)\"><img data-recalc-dims=\"1\" loading=\"lazy\" decoding=\"async\" width=\"24\" height=\"24\" class=\"wp-image-885\" style=\"width: 24px\" src=\"https:\/\/i0.wp.com\/2020.zaragoza.wordcamp.org\/files\/2019\/10\/wp-org.png?resize=24%2C24&#038;ssl=1\" alt=\"WordPress\"><\/a><a rel=\"noreferrer noopener\" aria-label=\"\ufffc (abre en una nueva pesta\u00f1a)\" href=\"https:\/\/twitter.com\/ialcaine\/\" target=\"_blank\"><img data-recalc-dims=\"1\" loading=\"lazy\" decoding=\"async\" width=\"24\" height=\"24\" class=\"wp-image-526\" style=\"width: 24px\" src=\"https:\/\/i0.wp.com\/2020.zaragoza.wordcamp.org\/files\/2019\/10\/twitter-e1572204948511.png?resize=24%2C24&#038;ssl=1\" alt=\"Twitter\"><\/a><\/p>\n<\/div>\t<\/div>\n\n<\/li><li class=\"wordcamp-post-list__post wordcamp-clearfix\">\n<div class=\"wordcamp-organizer wordcamp-organizers__post slug-jesus-alberto-rios\">\n\t<h3 class=\"wordcamp-block__item-title wordcamp-organizers__title\" style=\"text-align:center\">Jes\u00fas Alberto R\u00edos<\/h3>\n\t\n\t\t\t<div class=\"wordcamp-block__item-content wordcamp-organizers__content is-full\"><div class=\"wp-block-image img-redonda\">\n<figure class=\"aligncenter size-large is-resized\"><img data-recalc-dims=\"1\" loading=\"lazy\" decoding=\"async\" src=\"https:\/\/i0.wp.com\/2020.zaragoza.wordcamp.org\/files\/2020\/01\/7d7563d0f5f8d2794b95192f04fb3e5d.png?resize=90%2C90&#038;ssl=1\" alt=\"Jes\u00fas Alberto R\u00edos\" class=\"wp-image-2512\" width=\"90\" height=\"90\" title=\"\" \/><\/figure>\n<\/div>\n<p class=\"has-text-align-center has-small-font-size wp-block-paragraph\"> Java y AngularJs\/8. WordPress, Drupal, Prestashop, Sysadmin. Linux&#8230;  Programador vamos. Padre de una ni\u00f1a. pizzero los viernes y sabados.   Hater de impresoras. <\/p>\n<p class=\"p-social-icons wp-block-paragraph\"><a href=\"https:\/\/profiles.wordpress.org\/vainas\/\" target=\"_blank\" rel=\"noreferrer noopener\" aria-label=\"\ufffc (abre en una nueva pesta\u00f1a)\"><img data-recalc-dims=\"1\" loading=\"lazy\" decoding=\"async\" width=\"24\" height=\"24\" class=\"wp-image-885\" style=\"width: 24px\" src=\"https:\/\/i0.wp.com\/2020.zaragoza.wordcamp.org\/files\/2019\/10\/wp-org.png?resize=24%2C24&#038;ssl=1\" alt=\"WordPress\"><\/a><a rel=\"noreferrer noopener\" aria-label=\"\ufffc (abre en una nueva pesta\u00f1a)\" href=\"https:\/\/twitter.com\/vainas\/\" target=\"_blank\"><img data-recalc-dims=\"1\" loading=\"lazy\" decoding=\"async\" width=\"24\" height=\"24\" class=\"wp-image-526\" style=\"width: 24px\" src=\"https:\/\/i0.wp.com\/2020.zaragoza.wordcamp.org\/files\/2019\/10\/twitter-e1572204948511.png?resize=24%2C24&#038;ssl=1\" alt=\"Twitter\"><\/a><\/p>\n<p class=\"wp-block-paragraph\">\n<\/div>\t<\/div>\n\n<\/li><li class=\"wordcamp-post-list__post wordcamp-clearfix\">\n<div class=\"wordcamp-organizer wordcamp-organizers__post slug-jose-j-peleato\">\n\t<h3 class=\"wordcamp-block__item-title wordcamp-organizers__title\" style=\"text-align:center\">Jos\u00e9 J. Peleato<\/h3>\n\t\n\t\t\t<div class=\"wordcamp-block__item-content wordcamp-organizers__content is-full\"><div class=\"wp-block-image img-redonda\">\n<figure class=\"aligncenter size-large is-resized\"><img data-recalc-dims=\"1\" loading=\"lazy\" decoding=\"async\" src=\"https:\/\/i0.wp.com\/2020.zaragoza.wordcamp.org\/files\/2020\/01\/5b02722aa5061b141b66488996334996.png?resize=90%2C90&#038;ssl=1\" alt=\"Jos\u00e9 J. Peleato\" class=\"wp-image-2516\" width=\"90\" height=\"90\" \/><\/figure>\n<\/div>\n<p class=\"has-text-align-center has-small-font-size wp-block-paragraph\"> Full-stack Developer en lo profesional, apasionado del HTML5, PHP y JS  en lo personal y adepto del conocimiento libre y gratuito en lo moral. <\/p>\n<p class=\"p-social-icons wp-block-paragraph\"><a href=\"https:\/\/profiles.wordpress.org\/jjpeleato\/\" target=\"_blank\" rel=\"noreferrer noopener\" aria-label=\"\ufffc (abre en una nueva pesta\u00f1a)\"><img data-recalc-dims=\"1\" loading=\"lazy\" decoding=\"async\" width=\"24\" height=\"24\" class=\"wp-image-885\" style=\"width: 24px\" src=\"https:\/\/i0.wp.com\/2020.zaragoza.wordcamp.org\/files\/2019\/10\/wp-org.png?resize=24%2C24&#038;ssl=1\" alt=\"WordPress\"><\/a><a rel=\"noreferrer noopener\" aria-label=\"\ufffc (abre en una nueva pesta\u00f1a)\" href=\"https:\/\/twitter.com\/jjpeleato\/\" target=\"_blank\"><img data-recalc-dims=\"1\" loading=\"lazy\" decoding=\"async\" width=\"24\" height=\"24\" class=\"wp-image-526\" style=\"width: 24px\" src=\"https:\/\/i0.wp.com\/2020.zaragoza.wordcamp.org\/files\/2019\/10\/twitter-e1572204948511.png?resize=24%2C24&#038;ssl=1\" alt=\"Twitter\"><\/a><\/p>\n<\/div>\t<\/div>\n\n<\/li><li class=\"wordcamp-post-list__post wordcamp-clearfix\">\n<div class=\"wordcamp-organizer wordcamp-organizers__post slug-jose-luis-losada\">\n\t<h3 class=\"wordcamp-block__item-title wordcamp-organizers__title\" style=\"text-align:center\">Jos\u00e9 Luis Losada<\/h3>\n\t\n\t\t\t<div class=\"wordcamp-block__item-content wordcamp-organizers__content is-full\"><div class=\"wp-block-image img-redonda\">\n<figure class=\"aligncenter size-large is-resized\"><img data-recalc-dims=\"1\" loading=\"lazy\" decoding=\"async\" src=\"https:\/\/i0.wp.com\/2020.zaragoza.wordcamp.org\/files\/2020\/01\/0f878ac88f0510633a85bc1822419c04.jpeg?resize=90%2C90&#038;ssl=1\" alt=\"Jos\u00e9 Luis Losada\" class=\"wp-image-2520\" width=\"90\" height=\"90\" \/><\/figure>\n<\/div>\n<p class=\"has-text-align-center has-small-font-size wp-block-paragraph\">Vivo en Caldas de Reis, Pontevedra y un d\u00eda me pidieron que escribiera unos contenidos para una web. Me dijeron que trabajar\u00eda con WordPress y contact\u00e9 con el grupo de Meetup de WordPress Pontevedra, seis meses despu\u00e9s asist\u00eda a mi primera WordCamp y a las Meetups de Pontevedra, Ourense, Lugo, Santiago, A Coru\u00f1a y Vigo. Reparto mi tiempo entre la comunidad de WordPress (foros de soporte, meetup y WordCamp) y colaboraciones como implementador web. Si te puedo ser de ayuda en algo s\u00f3lo tienes que dec\u00edrmelo.<\/p>\n<p class=\"p-social-icons wp-block-paragraph\"><a href=\"https:\/\/profiles.wordpress.org\/jose64\/\" target=\"_blank\" rel=\"noreferrer noopener\" aria-label=\"\ufffc (abre en una nueva pesta\u00f1a)\"><img data-recalc-dims=\"1\" loading=\"lazy\" decoding=\"async\" width=\"24\" height=\"24\" class=\"wp-image-885\" style=\"width: 24px\" src=\"https:\/\/i0.wp.com\/2020.zaragoza.wordcamp.org\/files\/2019\/10\/wp-org.png?resize=24%2C24&#038;ssl=1\" alt=\"WordPress\"><\/a><a rel=\"noreferrer noopener\" aria-label=\"\ufffc (abre en una nueva pesta\u00f1a)\" href=\"https:\/\/twitter.com\/JoseLuis_Losada\/\" target=\"_blank\"><img data-recalc-dims=\"1\" loading=\"lazy\" decoding=\"async\" width=\"24\" height=\"24\" class=\"wp-image-526\" style=\"width: 24px\" src=\"https:\/\/i0.wp.com\/2020.zaragoza.wordcamp.org\/files\/2019\/10\/twitter-e1572204948511.png?resize=24%2C24&#038;ssl=1\" alt=\"Twitter\"><\/a><\/p>\n<\/div>\t<\/div>\n\n<\/li><li class=\"wordcamp-post-list__post wordcamp-clearfix\">\n<div class=\"wordcamp-organizer wordcamp-organizers__post slug-juan-manuel-civico\">\n\t<h3 class=\"wordcamp-block__item-title wordcamp-organizers__title\" style=\"text-align:center\">Juan Manuel Civico<\/h3>\n\t\n\t\t\t<div class=\"wordcamp-block__item-content wordcamp-organizers__content is-full\"><div class=\"wp-block-image img-redonda\">\n<figure class=\"aligncenter size-large is-resized\"><img data-recalc-dims=\"1\" loading=\"lazy\" decoding=\"async\" src=\"https:\/\/i0.wp.com\/2020.zaragoza.wordcamp.org\/files\/2020\/01\/b72bacbd6f480eef422d591eeea8a5d6.jpeg?resize=90%2C90&#038;ssl=1\" alt=\"Juan Manuel Civico\" class=\"wp-image-2532\" width=\"90\" height=\"90\" \/><\/figure>\n<\/div>\n<p class=\"has-text-align-center has-small-font-size wp-block-paragraph\">JuanMa descubri\u00f3 WordPress en 2012. Actualmente, trabaja desarrollando plugins y temas, y participa en la comunidad, colaborando como co-organizador en el Meetup de Alcobendas y asistiendo como voluntario a WordCamps siempre que puede.<\/p>\n<p class=\"p-social-icons wp-block-paragraph\"><a href=\"https:\/\/profiles.wordpress.org\/webappdesign\/\" target=\"_blank\" rel=\"noreferrer noopener\" aria-label=\"\ufffc (abre en una nueva pesta\u00f1a)\"><img data-recalc-dims=\"1\" loading=\"lazy\" decoding=\"async\" width=\"24\" height=\"24\" class=\"wp-image-885\" style=\"width: 24px\" src=\"https:\/\/i0.wp.com\/2020.zaragoza.wordcamp.org\/files\/2019\/10\/wp-org.png?resize=24%2C24&#038;ssl=1\" alt=\"WordPress\"><\/a><a rel=\"noreferrer noopener\" aria-label=\"\ufffc (abre en una nueva pesta\u00f1a)\" href=\"https:\/\/twitter.com\/juanmacivico87\/\" target=\"_blank\"><img data-recalc-dims=\"1\" loading=\"lazy\" decoding=\"async\" width=\"24\" height=\"24\" class=\"wp-image-526\" style=\"width: 24px\" src=\"https:\/\/i0.wp.com\/2020.zaragoza.wordcamp.org\/files\/2019\/10\/twitter-e1572204948511.png?resize=24%2C24&#038;ssl=1\" alt=\"Twitter\"><\/a><\/p>\n<\/div>\t<\/div>\n\n<\/li><li class=\"wordcamp-post-list__post wordcamp-clearfix\">\n<div class=\"wordcamp-organizer wordcamp-organizers__post slug-lidia-diaz\">\n\t<h3 class=\"wordcamp-block__item-title wordcamp-organizers__title\" style=\"text-align:center\">Lidia D\u00edaz<\/h3>\n\t\n\t\t\t<div class=\"wordcamp-block__item-content wordcamp-organizers__content is-full\"><div class=\"wp-block-image img-redonda\">\n<figure class=\"aligncenter size-large is-resized\"><img data-recalc-dims=\"1\" loading=\"lazy\" decoding=\"async\" src=\"https:\/\/i0.wp.com\/2020.zaragoza.wordcamp.org\/files\/2020\/01\/e9b7a07313e67a9070b4f0ecba8a326b.png?resize=90%2C90&#038;ssl=1\" alt=\"Lidia D\u00edaz\" class=\"wp-image-2522\" width=\"90\" height=\"90\" \/><\/figure>\n<\/div>\n<p class=\"has-text-align-center has-small-font-size wp-block-paragraph\"> Soy dise\u00f1adora gr\u00e1fica e ilustradora y hace poco que me met\u00ed de lleno en  el mundo web, donde descubr\u00ed WordPress. Este a\u00f1o quiero aportar mi  granito de arena, participando como voluntaria.<\/p>\n<p class=\"p-social-icons wp-block-paragraph\"><a href=\"https:\/\/profiles.wordpress.org\/lidime\/\" target=\"_blank\" rel=\"noreferrer noopener\" aria-label=\"\ufffc (abre en una nueva pesta\u00f1a)\"><img data-recalc-dims=\"1\" loading=\"lazy\" decoding=\"async\" width=\"24\" height=\"24\" class=\"wp-image-885\" style=\"width: 24px\" src=\"https:\/\/i0.wp.com\/2020.zaragoza.wordcamp.org\/files\/2019\/10\/wp-org.png?resize=24%2C24&#038;ssl=1\" alt=\"WordPress\"><\/a><a rel=\"noreferrer noopener\" aria-label=\"\ufffc (abre en una nueva pesta\u00f1a)\" href=\"https:\/\/twitter.com\/LidimeStudio\/\" target=\"_blank\"><img data-recalc-dims=\"1\" loading=\"lazy\" decoding=\"async\" width=\"24\" height=\"24\" class=\"wp-image-526\" style=\"width: 24px\" src=\"https:\/\/i0.wp.com\/2020.zaragoza.wordcamp.org\/files\/2019\/10\/twitter-e1572204948511.png?resize=24%2C24&#038;ssl=1\" alt=\"Twitter\"><\/a><\/p>\n<\/div>\t<\/div>\n\n<\/li><li class=\"wordcamp-post-list__post wordcamp-clearfix\">\n<div class=\"wordcamp-organizer wordcamp-organizers__post slug-ricardo-de-miguel\">\n\t<h3 class=\"wordcamp-block__item-title wordcamp-organizers__title\" style=\"text-align:center\">Ricardo De Miguel<\/h3>\n\t\n\t\t\t<div class=\"wordcamp-block__item-content wordcamp-organizers__content is-full\"><div class=\"wp-block-image img-redonda\">\n<figure class=\"aligncenter size-large is-resized\"><img data-recalc-dims=\"1\" loading=\"lazy\" decoding=\"async\" src=\"https:\/\/i0.wp.com\/2020.zaragoza.wordcamp.org\/files\/2020\/01\/844276fe3ab323b587e80fc6108f43f6.jpeg?resize=90%2C90&#038;ssl=1\" alt=\"Ricardo De Miguel\" class=\"wp-image-2526\" width=\"90\" height=\"90\" \/><\/figure>\n<\/div>\n<p class=\"has-text-align-center has-small-font-size wp-block-paragraph\">Hola soy Ricardo De Miguel, trabajo como dise\u00f1ador web freelace y  realizo planes de marketing para empresas y posicionamiento SEO. me  encanta WordPress y el c\u00f3digo abierto, esta va a ser mi segunda WordCamp  como voluntario y la tercera a la que voy a asistir. Cada vez me gusta  m\u00e1s la comunidad de WordPress y os animo a todos a conocerla en  WordPress.org.<\/p>\n<p class=\"p-social-icons wp-block-paragraph\"><a href=\"https:\/\/profiles.wordpress.org\/rickydrawback\/\" target=\"_blank\" rel=\"noreferrer noopener\" aria-label=\"\ufffc (abre en una nueva pesta\u00f1a)\"><img data-recalc-dims=\"1\" loading=\"lazy\" decoding=\"async\" width=\"24\" height=\"24\" class=\"wp-image-885\" style=\"width: 24px\" src=\"https:\/\/i0.wp.com\/2020.zaragoza.wordcamp.org\/files\/2019\/10\/wp-org.png?resize=24%2C24&#038;ssl=1\" alt=\"WordPress\"><\/a><a rel=\"noreferrer noopener\" aria-label=\"\ufffc (abre en una nueva pesta\u00f1a)\" href=\"https:\/\/twitter.com\/rickydrawback\/\" target=\"_blank\"><img data-recalc-dims=\"1\" loading=\"lazy\" decoding=\"async\" width=\"24\" height=\"24\" class=\"wp-image-526\" style=\"width: 24px\" src=\"https:\/\/i0.wp.com\/2020.zaragoza.wordcamp.org\/files\/2019\/10\/twitter-e1572204948511.png?resize=24%2C24&#038;ssl=1\" alt=\"Twitter\"><\/a><\/p>\n<\/div>\t<\/div>\n\n<\/li><li class=\"wordcamp-post-list__post wordcamp-clearfix\">\n<div class=\"wordcamp-organizer wordcamp-organizers__post slug-sonia-ruiz\">\n\t<h3 class=\"wordcamp-block__item-title wordcamp-organizers__title\" style=\"text-align:center\">Sonia Ruiz<\/h3>\n\t\n\t\t\t<div class=\"wordcamp-block__item-content wordcamp-organizers__content is-full\"><div class=\"wp-block-image img-redonda\">\n<figure class=\"aligncenter size-large is-resized\"><img data-recalc-dims=\"1\" loading=\"lazy\" decoding=\"async\" src=\"https:\/\/i0.wp.com\/2020.zaragoza.wordcamp.org\/files\/2020\/01\/d41b1188ddebd5d9d066206263c4a7f3.jpeg?resize=90%2C90&#038;ssl=1\" alt=\"Sonia Ruiz\" class=\"wp-image-2528\" width=\"90\" height=\"90\" \/><\/figure>\n<\/div>\n<p class=\"has-text-align-center has-small-font-size wp-block-paragraph\">Soy Sonia Ruiz, Frontend Developer especializada en JavaScript y React. Me encanta colaborar con la comunidad siempre que puedo dando charlas, como voluntaria u organizando. Adem\u00e1s de programar tambi\u00e9n me encantan los videojuegos, y mi saga favorita es Monkey Island. :)<\/p>\n<p class=\"p-social-icons wp-block-paragraph\"><a href=\"https:\/\/profiles.wordpress.org\/yunevk\/\" target=\"_blank\" rel=\"noreferrer noopener\" aria-label=\"\ufffc (abre en una nueva pesta\u00f1a)\"><img data-recalc-dims=\"1\" loading=\"lazy\" decoding=\"async\" width=\"24\" height=\"24\" class=\"wp-image-885\" style=\"width: 24px\" src=\"https:\/\/i0.wp.com\/2020.zaragoza.wordcamp.org\/files\/2019\/10\/wp-org.png?resize=24%2C24&#038;ssl=1\" alt=\"WordPress\"><\/a><a rel=\"noreferrer noopener\" aria-label=\"\ufffc (abre en una nueva pesta\u00f1a)\" href=\"https:\/\/twitter.com\/Yune__vk\/\" target=\"_blank\"><img data-recalc-dims=\"1\" loading=\"lazy\" decoding=\"async\" width=\"24\" height=\"24\" class=\"wp-image-526\" style=\"width: 24px\" src=\"https:\/\/i0.wp.com\/2020.zaragoza.wordcamp.org\/files\/2019\/10\/twitter-e1572204948511.png?resize=24%2C24&#038;ssl=1\" alt=\"Twitter\"><\/a><\/p>\n<\/div>\t<\/div>\n\n<\/li><\/ul>","protected":false},"excerpt":{"rendered":"<p>Desde que naci\u00f3 la comunidad WordPress en Zaragoza, el equipo de organizaci\u00f3n ha ido creciendo poco a poco. A continuaci\u00f3n, os presentamos al equipo de personas que hace que WordCamp Zaragoza 2020 sea una realidad. Comunicaci\u00f3n &amp; RR.SS. Este a\u00f1o queremos potenciar la visibilidad de WordCamp Zaragoza en medios; tanto en redes sociales como en &hellip; <a href=\"https:\/\/zaragoza.wordcamp.org\/2020\/organizacion\/\" class=\"more-link\">Continuar leyendo<span class=\"screen-reader-text\"> \u00abOrganizaci\u00f3n\u00bb<\/span><\/a><\/p>\n","protected":false},"author":6642423,"featured_media":0,"parent":0,"menu_order":0,"comment_status":"closed","ping_status":"closed","template":"","meta":{"_crdt_document":"","jetpack_post_was_ever_published":false,"footnotes":""},"class_list":["post-12","page","type-page","status-publish","hentry"],"jetpack_sharing_enabled":true,"jetpack_likes_enabled":true,"_links":{"self":[{"href":"https:\/\/zaragoza.wordcamp.org\/2020\/wp-json\/wp\/v2\/pages\/12","targetHints":{"allow":["GET"]}}],"collection":[{"href":"https:\/\/zaragoza.wordcamp.org\/2020\/wp-json\/wp\/v2\/pages"}],"about":[{"href":"https:\/\/zaragoza.wordcamp.org\/2020\/wp-json\/wp\/v2\/types\/page"}],"author":[{"embeddable":true,"href":"https:\/\/zaragoza.wordcamp.org\/2020\/wp-json\/wp\/v2\/users\/6642423"}],"replies":[{"embeddable":true,"href":"https:\/\/zaragoza.wordcamp.org\/2020\/wp-json\/wp\/v2\/comments?post=12"}],"version-history":[{"count":37,"href":"https:\/\/zaragoza.wordcamp.org\/2020\/wp-json\/wp\/v2\/pages\/12\/revisions"}],"predecessor-version":[{"id":5402,"href":"https:\/\/zaragoza.wordcamp.org\/2020\/wp-json\/wp\/v2\/pages\/12\/revisions\/5402"}],"wp:attachment":[{"href":"https:\/\/zaragoza.wordcamp.org\/2020\/wp-json\/wp\/v2\/media?parent=12"}],"curies":[{"name":"wp","href":"https:\/\/api.w.org\/{rel}","templated":true}]}}